{"id":6460,"date":"2017-09-22T07:51:54","date_gmt":"2017-09-22T07:51:54","guid":{"rendered":"http:\/\/www.cielolaboral.com\/?page_id=6460"},"modified":"2017-09-22T07:51:54","modified_gmt":"2017-09-22T07:51:54","slug":"6460-2","status":"publish","type":"page","link":"https:\/\/www.cielolaboral.com\/fr\/industrial-phd\/6460-2\/","title":{"rendered":""},"content":{"rendered":"<p>[:es]<\/p>\n<h1 style=\"text-align: center;\">CALL FOR PAPERS<\/h1>\n<h2 style=\"text-align: center;\"><span style=\"color: #339966;\"><strong>INTERNATIONAL CONFERENCE<\/strong><\/span><span style=\"color: #339966;\"><strong>\u00a0<\/strong><\/span><\/h2>\n<h2 style=\"text-align: center;\"><span style=\"color: #339966;\"><strong>\u201cTECHNOLOGICAL INNOVATION AND THE FUTURE OF WORK:<\/strong><\/span><\/h2>\n<h2 style=\"text-align: center;\"><span style=\"color: #339966;\"><strong>EMERGING ASPECTS WORLDWIDE\u201d<\/strong><\/span><span style=\"color: #339966;\"><strong>\u00a0<\/strong><\/span><\/h2>\n<h2 style=\"text-align: center;\"><span style=\"color: #339966;\"><strong>(United Kingdom, France, Germany, Italy, Poland, Russia, Portugal and Spain)<\/strong><\/span><span style=\"color: #339966;\"><strong>\u00a0<\/strong><\/span><\/h2>\n<h2 style=\"text-align: center;\"><span style=\"color: #339966;\"><strong>Santiago de Compostela, 5<sup>th<\/sup> and 6<sup>th<\/sup> April, 2018<\/strong><\/span><\/h2>\n<h4 style=\"text-align: right;\"><span style=\"color: #000000;\"><em><strong>This Conference is in honour of Professors Jo Carby-Hall and Manfred Weiss<\/strong><\/em><\/span><\/h4>\n<p>&nbsp;<\/p>\n<p class=\"gde-text\"><a href=\"https:\/\/www.cielolaboral.com\/wp-content\/uploads\/2018\/02\/call_for_papers_santiago_en.pdf\" class=\"gde-link\">Download (PDF, 141KB)<\/a><\/p>\n<iframe src=\"\/\/docs.google.com\/viewer?url=https%3A%2F%2Fwww.cielolaboral.com%2Fwp-content%2Fuploads%2F2018%2F02%2Fcall_for_papers_santiago_en.pdf&hl=en_US&embedded=true\" class=\"gde-frame\" style=\"width:100%; height:500px; border: none;\" scrolling=\"no\"><\/iframe>\n<p>&nbsp;<\/p>\n<p><strong>COLLABORATION AND SPONSORSHIPS<\/strong><\/p>\n<p class=\"gde-text\"><a href=\"https:\/\/www.cielolaboral.com\/wp-content\/uploads\/2017\/09\/sponsorships.pdf\" class=\"gde-link\">Download (PDF, 813KB)<\/a><\/p>\n<iframe src=\"\/\/docs.google.com\/viewer?url=https%3A%2F%2Fwww.cielolaboral.com%2Fwp-content%2Fuploads%2F2017%2F09%2Fsponsorships.pdf&hl=en_US&embedded=true\" class=\"gde-frame\" style=\"width:100%; height:500px; border: none;\" scrolling=\"no\"><\/iframe>\n<p>&nbsp;<\/p>\n<p><strong>CALL FOR PAPERS EN ESPA\u00d1OL<\/strong><\/p>\n<p class=\"gde-text\"><a href=\"https:\/\/www.cielolaboral.com\/wp-content\/uploads\/2018\/02\/call_for_papers_santiago_es.pdf\" class=\"gde-link\">Download (PDF, 147KB)<\/a><\/p>\n<iframe src=\"\/\/docs.google.com\/viewer?url=https%3A%2F%2Fwww.cielolaboral.com%2Fwp-content%2Fuploads%2F2018%2F02%2Fcall_for_papers_santiago_es.pdf&hl=en_US&embedded=true\" class=\"gde-frame\" style=\"width:100%; height:500px; border: none;\" scrolling=\"no\"><\/iframe>\n<p>&nbsp;<\/p>\n<p><strong>KEY SPEAKERS<\/strong><\/p>\n<p><a href=\"https:\/\/www.cielolaboral.com\/wp-content\/uploads\/2017\/09\/CV_Jo_Carby_Hall.pdf\"><img decoding=\"async\" class=\"alignnone size-full wp-image-6502\" src=\"https:\/\/www.cielolaboral.com\/wp-content\/uploads\/2017\/09\/foto_jo_carby_hall.jpg\" alt=\"\" width=\"142\" height=\"149\" \/>\u00a0 \u00a0 \u00a0 \u00a0 \u00a0 \u00a0 \u00a0 \u00a0 \u00a0 \u00a0 \u00a0 \u00a0 \u00a0 \u00a0 \u00a0 \u00a0 \u00a0<\/a><a href=\"https:\/\/www.cielolaboral.com\/wp-content\/uploads\/2017\/09\/CV_Manfred-Weiss.pdf\"><img decoding=\"async\" class=\"alignnone wp-image-6510 size-thumbnail\" src=\"https:\/\/www.cielolaboral.com\/wp-content\/uploads\/2017\/09\/foto_manfred-weiss-150x150.jpg\" alt=\"\" width=\"150\" height=\"150\" \/><\/a><\/p>\n<p><strong><a href=\"https:\/\/www.cielolaboral.com\/wp-content\/uploads\/2017\/09\/CV_Jo_Carby_Hall.pdf\">Jo Carby-Hall <\/a>\u00a0 \u00a0 \u00a0 \u00a0 \u00a0 \u00a0 \u00a0 \u00a0 \u00a0 \u00a0 \u00a0 \u00a0 \u00a0 \u00a0 \u00a0 \u00a0 \u00a0 \u00a0 \u00a0 \u00a0 \u00a0 \u00a0 \u00a0 \u00a0 \u00a0 \u00a0 \u00a0 \u00a0 \u00a0\u00a0<a href=\"https:\/\/www.cielolaboral.com\/wp-content\/uploads\/2017\/09\/CV_Manfred-Weiss.pdf\">Manfred Weiss<\/a><\/strong><\/p>\n<p><strong>University of Hull \u00a0 \u00a0 \u00a0 \u00a0 \u00a0 \u00a0 \u00a0 \u00a0 \u00a0 \u00a0 \u00a0 \u00a0 \u00a0 \u00a0 \u00a0 \u00a0 \u00a0 \u00a0 \u00a0 \u00a0 \u00a0 \u00a0 \u00a0 \u00a0 University of Frankfurt<\/strong><\/p>\n<p><strong>United Kingdom<\/strong> \u00a0 \u00a0 \u00a0 \u00a0 \u00a0 \u00a0 \u00a0 \u00a0 \u00a0 \u00a0 \u00a0 \u00a0 \u00a0 \u00a0 \u00a0 \u00a0 \u00a0 \u00a0 \u00a0 \u00a0 \u00a0 \u00a0 \u00a0 \u00a0 \u00a0 \u00a0 \u00a0 <strong>Germany<\/strong><\/p>\n<p>&nbsp;<\/p>\n<p><a href=\"https:\/\/www.cielolaboral.com\/wp-content\/uploads\/2017\/10\/cv_Duarte_en.pdf\"><img decoding=\"async\" class=\"alignnone size-full wp-image-6505\" src=\"https:\/\/www.cielolaboral.com\/wp-content\/uploads\/2017\/09\/foto_duarte.jpg\" alt=\"\" width=\"154\" height=\"163\" \/><\/a><a href=\"https:\/\/www.cielolaboral.com\/wp-content\/uploads\/2016\/08\/Cv_abrunhosa_duarte.pdf\">\u00a0 \u00a0 \u00a0 \u00a0 \u00a0 \u00a0 \u00a0 \u00a0 \u00a0 \u00a0 \u00a0 \u00a0 \u00a0\u00a0<\/a><a href=\"https:\/\/www.cielolaboral.com\/wp-content\/uploads\/2017\/07\/CV_casas_baamonde_maria_emilia.pdf\"><img loading=\"lazy\" decoding=\"async\" class=\"alignnone wp-image-6334 size-thumbnail\" src=\"https:\/\/www.cielolaboral.com\/wp-content\/uploads\/2017\/07\/foto_casas_baamonde_maria_emilia-150x150.jpg\" alt=\"\" width=\"150\" height=\"150\" srcset=\"https:\/\/www.cielolaboral.com\/wp-content\/uploads\/2017\/07\/foto_casas_baamonde_maria_emilia-150x150.jpg 150w, https:\/\/www.cielolaboral.com\/wp-content\/uploads\/2017\/07\/foto_casas_baamonde_maria_emilia-230x230.jpg 230w, https:\/\/www.cielolaboral.com\/wp-content\/uploads\/2017\/07\/foto_casas_baamonde_maria_emilia-330x330.jpg 330w\" sizes=\"(max-width: 150px) 100vw, 150px\" \/><\/a><a href=\"https:\/\/www.cielolaboral.com\/wp-content\/uploads\/2016\/08\/Cv_abrunhosa_duarte.pdf\">\u00a0<\/a>\u00a0 \u00a0 \u00a0 \u00a0 \u00a0 \u00a0 \u00a0 \u00a0 \u00a0 \u00a0 \u00a0 \u00a0 <a href=\"https:\/\/www.cielolaboral.com\/wp-content\/uploads\/2017\/10\/cv_mejuto.pdf\"><img loading=\"lazy\" decoding=\"async\" class=\"alignnone wp-image-6589 size-thumbnail\" src=\"https:\/\/www.cielolaboral.com\/wp-content\/uploads\/2017\/10\/foto_mejuto-150x150.jpg\" alt=\"\" width=\"150\" height=\"150\" srcset=\"https:\/\/www.cielolaboral.com\/wp-content\/uploads\/2017\/10\/foto_mejuto-150x150.jpg 150w, https:\/\/www.cielolaboral.com\/wp-content\/uploads\/2017\/10\/foto_mejuto-230x230.jpg 230w, https:\/\/www.cielolaboral.com\/wp-content\/uploads\/2017\/10\/foto_mejuto-330x330.jpg 330w\" sizes=\"(max-width: 150px) 100vw, 150px\" \/><\/a><\/p>\n<p><strong><a href=\"https:\/\/www.cielolaboral.com\/wp-content\/uploads\/2017\/10\/cv_Duarte_en.pdf\">Duarte Abrunhosa e Sousa\u00a0<\/a> \u00a0 \u00a0 \u00a0 \u00a0 \u00a0 \u00a0 \u00a0 \u00a0 \u00a0 \u00a0 \u00a0<a href=\"https:\/\/www.cielolaboral.com\/wp-content\/uploads\/2017\/07\/CV_casas_baamonde_maria_emilia.pdf\">Mar\u00eda Emilia Casas Baamonde<\/a>\u00a0 \u00a0 \u00a0 \u00a0 \u00a0 \u00a0 \u00a0 \u00a0 \u00a0 \u00a0 \u00a0<a href=\"https:\/\/www.cielolaboral.com\/wp-content\/uploads\/2017\/10\/cv_mejuto.pdf\">Luis de Castro Mejuto<\/a><\/strong><\/p>\n<p><strong>CIJE &#8211; Universidade do Porto\u00a0 \u00a0 \u00a0 \u00a0 \u00a0\u00a0 \u00a0 \u00a0 \u00a0\u00a0 Universidad Complutense de Madrid \u00a0 \u00a0\u00a0 Universidade de A Coru\u00f1a<\/strong><\/p>\n<p><strong>Portugal<\/strong><\/p>\n<p><span style=\"color: #ff0000;\"><a href=\"https:\/\/www.cielolaboral.com\/wp-content\/uploads\/2017\/09\/cv_DARIA-CHERNYAEVA.pdf\"><img loading=\"lazy\" decoding=\"async\" class=\"alignnone size-full wp-image-6522\" src=\"https:\/\/www.cielolaboral.com\/wp-content\/uploads\/2017\/09\/daria.png\" alt=\"\" width=\"108\" height=\"152\" \/><\/a>\u00a0 \u00a0 \u00a0 \u00a0 \u00a0 \u00a0 \u00a0 \u00a0 \u00a0 \u00a0 \u00a0 \u00a0 \u00a0 \u00a0 \u00a0 \u00a0 \u00a0 \u00a0 \u00a0 \u00a0<a href=\"https:\/\/www.cielolaboral.com\/wp-content\/uploads\/2017\/09\/cv_consuelo_ferreiro.pdf\"><img loading=\"lazy\" decoding=\"async\" class=\"alignnone wp-image-6544 size-thumbnail\" src=\"https:\/\/www.cielolaboral.com\/wp-content\/uploads\/2017\/09\/foto_chelo-150x150.jpg\" alt=\"\" width=\"150\" height=\"150\" srcset=\"https:\/\/www.cielolaboral.com\/wp-content\/uploads\/2017\/09\/foto_chelo-150x150.jpg 150w, https:\/\/www.cielolaboral.com\/wp-content\/uploads\/2017\/09\/foto_chelo-230x230.jpg 230w, https:\/\/www.cielolaboral.com\/wp-content\/uploads\/2017\/09\/foto_chelo-330x330.jpg 330w\" sizes=\"(max-width: 150px) 100vw, 150px\" \/><\/a>\u00a0 \u00a0 \u00a0 \u00a0 \u00a0 \u00a0 \u00a0 \u00a0 \u00a0 \u00a0 \u00a0 \u00a0 <a href=\"https:\/\/www.cielolaboral.com\/wp-content\/uploads\/2016\/10\/CV_garcia_quinones_juan_carlos.pdf\"><img loading=\"lazy\" decoding=\"async\" class=\"alignnone wp-image-5506 size-thumbnail\" src=\"https:\/\/www.cielolaboral.com\/wp-content\/uploads\/2016\/10\/foto_garcia_quinones_juan_carlos-150x150.png\" alt=\"\" width=\"150\" height=\"150\" srcset=\"https:\/\/www.cielolaboral.com\/wp-content\/uploads\/2016\/10\/foto_garcia_quinones_juan_carlos-150x150.png 150w, https:\/\/www.cielolaboral.com\/wp-content\/uploads\/2016\/10\/foto_garcia_quinones_juan_carlos-230x230.png 230w\" sizes=\"(max-width: 150px) 100vw, 150px\" \/><\/a><\/span><\/p>\n<p><a href=\"https:\/\/www.cielolaboral.com\/wp-content\/uploads\/2016\/10\/CV_garcia_quinones_juan_carlos.pdf\"><strong>\u00a0 <\/strong><\/a><a href=\"https:\/\/www.cielolaboral.com\/wp-content\/uploads\/2017\/09\/cv_DARIA-CHERNYAEVA.pdf\"><strong>Daria Chernyaeva<\/strong><\/a><a href=\"https:\/\/www.cielolaboral.com\/wp-content\/uploads\/2016\/10\/CV_garcia_quinones_juan_carlos.pdf\"><strong>\u00a0 \u00a0 \u00a0 \u00a0 \u00a0 \u00a0 \u00a0 \u00a0 \u00a0 \u00a0 \u00a0 \u00a0 \u00a0 \u00a0 \u00a0 \u00a0 \u00a0 \u00a0<\/strong><\/a><a href=\"https:\/\/www.cielolaboral.com\/wp-content\/uploads\/2017\/09\/cv_consuelo_ferreiro.pdf\"><strong> Consuelo Ferreiro\u00a0Regueiro<\/strong><\/a><a href=\"https:\/\/www.cielolaboral.com\/wp-content\/uploads\/2016\/10\/CV_garcia_quinones_juan_carlos.pdf\"><strong>\u00a0 \u00a0 \u00a0\u00a0 \u00a0 \u00a0\u00a0 Juan Carlos Garc\u00eda Qui<\/strong><\/a><strong>\u00f1ones<\/strong><\/p>\n<p><strong>Russia \u00a0 \u00a0 \u00a0 \u00a0 \u00a0 \u00a0 \u00a0 \u00a0 \u00a0 \u00a0 \u00a0 \u00a0 \u00a0 \u00a0 \u00a0 \u00a0 \u00a0 \u00a0 \u00a0 \u00a0 \u00a0 \u00a0 \u00a0 \u00a0 \u00a0\u00a0 U. de Santiago de Compostela\u00a0 \u00a0 \u00a0 \u00a0 \u00a0 \u00a0\u00a0 \u00a0 \u00a0 U. Complutense Madrid<\/strong><strong> \u00a0\u00a0\u00a0 <\/strong><strong><br \/>\n<\/strong><\/p>\n<p><strong><br \/>\n<\/strong><\/p>\n<p><a href=\"https:\/\/www.cielolaboral.com\/wp-content\/uploads\/2015\/12\/CV_Publications_LoicLerouge_CIELO.pdf\"><img loading=\"lazy\" decoding=\"async\" class=\"alignnone wp-image-3338 size-thumbnail\" src=\"https:\/\/www.cielolaboral.com\/wp-content\/uploads\/2015\/12\/LOIC-LEROUGE-150x150.jpg\" alt=\"\" width=\"150\" height=\"150\" srcset=\"https:\/\/www.cielolaboral.com\/wp-content\/uploads\/2015\/12\/LOIC-LEROUGE-150x150.jpg 150w, https:\/\/www.cielolaboral.com\/wp-content\/uploads\/2015\/12\/LOIC-LEROUGE-230x230.jpg 230w, https:\/\/www.cielolaboral.com\/wp-content\/uploads\/2015\/12\/LOIC-LEROUGE-330x330.jpg 330w\" sizes=\"(max-width: 150px) 100vw, 150px\" \/>\u00a0 \u00a0 \u00a0 \u00a0 \u00a0 \u00a0 \u00a0 \u00a0 \u00a0 \u00a0 \u00a0 \u00a0 \u00a0\u00a0<\/a><a href=\"https:\/\/www.cielolaboral.com\/wp-content\/uploads\/2015\/12\/CV_lousada_fernando.pdf\"><img loading=\"lazy\" decoding=\"async\" class=\"alignnone wp-image-3799 size-thumbnail\" src=\"https:\/\/www.cielolaboral.com\/wp-content\/uploads\/2015\/12\/foto_lousada_fernando-150x150.png\" alt=\"\" width=\"150\" height=\"150\" srcset=\"https:\/\/www.cielolaboral.com\/wp-content\/uploads\/2015\/12\/foto_lousada_fernando-150x150.png 150w, https:\/\/www.cielolaboral.com\/wp-content\/uploads\/2015\/12\/foto_lousada_fernando-230x230.png 230w, https:\/\/www.cielolaboral.com\/wp-content\/uploads\/2015\/12\/foto_lousada_fernando-330x330.png 330w\" sizes=\"(max-width: 150px) 100vw, 150px\" \/>\u00a0 \u00a0 \u00a0 \u00a0 \u00a0 \u00a0 \u00a0 \u00a0 \u00a0 \u00a0 \u00a0 \u00a0<\/a><a href=\"https:\/\/www.cielolaboral.com\/wp-content\/uploads\/2017\/10\/CV-Lara-Mun\u00edn.pdf\"><img loading=\"lazy\" decoding=\"async\" class=\"alignnone wp-image-6623 size-thumbnail\" src=\"https:\/\/www.cielolaboral.com\/wp-content\/uploads\/2017\/10\/foto_lara_munin-150x150.jpg\" alt=\"\" width=\"150\" height=\"150\" srcset=\"https:\/\/www.cielolaboral.com\/wp-content\/uploads\/2017\/10\/foto_lara_munin-150x150.jpg 150w, https:\/\/www.cielolaboral.com\/wp-content\/uploads\/2017\/10\/foto_lara_munin-230x230.jpg 230w, https:\/\/www.cielolaboral.com\/wp-content\/uploads\/2017\/10\/foto_lara_munin-330x330.jpg 330w\" sizes=\"(max-width: 150px) 100vw, 150px\" \/><\/a><a href=\"https:\/\/www.cielolaboral.com\/wp-content\/uploads\/2015\/12\/CV_lousada_fernando.pdf\"> \u00a0 \u00a0 \u00a0 \u00a0 \u00a0 \u00a0\u00a0 <\/a><span style=\"color: #ff0000;\"><br \/>\n<\/span><\/p>\n<p><strong><a href=\"https:\/\/www.cielolaboral.com\/wp-content\/uploads\/2015\/12\/CV_Publications_LoicLerouge_CIELO.pdf\">Lo\u00efc Lerouge<\/a>\u00a0 \u00a0 \u00a0 \u00a0 \u00a0 \u00a0 \u00a0 \u00a0 \u00a0 \u00a0 \u00a0 \u00a0 \u00a0 \u00a0 \u00a0 \u00a0 \u00a0 \u00a0 \u00a0 \u00a0 \u00a0 \u00a0<a href=\"https:\/\/www.cielolaboral.com\/wp-content\/uploads\/2015\/12\/CV_lousada_fernando.pdf\">Jos\u00e9 Fernando Lousada Arochena <\/a>\u00a0 \u00a0 \u00a0 \u00a0 \u00a0 \u00a0 \u00a0 \u00a0 \u00a0 \u00a0\u00a0 <a href=\"https:\/\/www.cielolaboral.com\/wp-content\/uploads\/2017\/10\/CV-Lara-Mun\u00edn.pdf\">Lara Mun\u00edn\u00a0 <\/a><br \/>\n<\/strong><\/p>\n<p><strong>COMPTRASEC &#8211; France \u00a0 \u00a0 \u00a0 \u00a0 \u00a0 \u00a0 \u00a0 \u00a0 \u00a0 \u00a0 \u00a0 \u00a0 \u00a0 \u00a0 \u00a0 \u00a0 Universidade de A Coru\u00f1a\u00a0\u00a0\u00a0\u00a0\u00a0\u00a0\u00a0\u00a0\u00a0\u00a0\u00a0\u00a0\u00a0\u00a0\u00a0\u00a0\u00a0\u00a0\u00a0\u00a0\u00a0 Universidad de A Coru\u00f1a<br \/>\n<\/strong><\/p>\n<p>&nbsp;<\/p>\n<p><span style=\"color: #ff0000;\"><a href=\"https:\/\/www.cielolaboral.com\/wp-content\/uploads\/2017\/09\/CV_nieto_sainz_joaquin.pdf\"><img loading=\"lazy\" decoding=\"async\" class=\"alignnone wp-image-6551 size-thumbnail\" src=\"https:\/\/www.cielolaboral.com\/wp-content\/uploads\/2017\/09\/foto_nieto_sainz_joaquin-1-150x150.png\" alt=\"\" width=\"150\" height=\"150\" srcset=\"https:\/\/www.cielolaboral.com\/wp-content\/uploads\/2017\/09\/foto_nieto_sainz_joaquin-1-150x150.png 150w, https:\/\/www.cielolaboral.com\/wp-content\/uploads\/2017\/09\/foto_nieto_sainz_joaquin-1-230x230.png 230w, https:\/\/www.cielolaboral.com\/wp-content\/uploads\/2017\/09\/foto_nieto_sainz_joaquin-1-330x330.png 330w\" sizes=\"(max-width: 150px) 100vw, 150px\" \/><\/a>\u00a0 \u00a0 \u00a0 \u00a0 \u00a0 \u00a0 \u00a0 \u00a0 \u00a0 \u00a0 \u00a0 \u00a0 \u00a0\u00a0<a href=\"https:\/\/www.cielolaboral.com\/wp-content\/uploads\/2015\/12\/CV_cortes_contreras.pdf\"><img loading=\"lazy\" decoding=\"async\" class=\"alignnone wp-image-3560 size-thumbnail\" src=\"https:\/\/www.cielolaboral.com\/wp-content\/uploads\/2015\/12\/foto_cortes-contreras-150x150.jpg\" alt=\"\" width=\"150\" height=\"150\" srcset=\"https:\/\/www.cielolaboral.com\/wp-content\/uploads\/2015\/12\/foto_cortes-contreras-150x150.jpg 150w, https:\/\/www.cielolaboral.com\/wp-content\/uploads\/2015\/12\/foto_cortes-contreras-230x230.jpg 230w, https:\/\/www.cielolaboral.com\/wp-content\/uploads\/2015\/12\/foto_cortes-contreras-330x330.jpg 330w\" sizes=\"(max-width: 150px) 100vw, 150px\" \/><\/a>\u00a0 \u00a0 \u00a0 \u00a0 \u00a0 \u00a0 \u00a0 \u00a0 \u00a0 \u00a0 \u00a0 \u00a0 \u00a0\u00a0<a href=\"https:\/\/www.cielolaboral.com\/wp-content\/uploads\/2015\/12\/CV_Tiago-Pimenta-Fernandes.pdf\"><img loading=\"lazy\" decoding=\"async\" class=\"alignnone wp-image-4441 size-thumbnail\" src=\"https:\/\/www.cielolaboral.com\/wp-content\/uploads\/2016\/03\/Foto-Tiago_Pimenta-150x150.jpg\" alt=\"\" width=\"150\" height=\"150\" srcset=\"https:\/\/www.cielolaboral.com\/wp-content\/uploads\/2016\/03\/Foto-Tiago_Pimenta-150x150.jpg 150w, https:\/\/www.cielolaboral.com\/wp-content\/uploads\/2016\/03\/Foto-Tiago_Pimenta-230x230.jpg 230w, https:\/\/www.cielolaboral.com\/wp-content\/uploads\/2016\/03\/Foto-Tiago_Pimenta-330x330.jpg 330w\" sizes=\"(max-width: 150px) 100vw, 150px\" \/><\/a><\/span><\/p>\n<p><strong><a href=\"https:\/\/www.cielolaboral.com\/wp-content\/uploads\/2017\/09\/CV_nieto_sainz_joaquin.pdf\">Joaqu\u00edn Nieto Sainz<\/a><a href=\"https:\/\/www.cielolaboral.com\/wp-content\/uploads\/2015\/12\/CV_cortes_contreras.pdf\">\u00a0 \u00a0 \u00a0 \u00a0 \u00a0 \u00a0 \u00a0 \u00a0 \u00a0 \u00a0 \u00a0 \u00a0 \u00a0 \u00a0 \u00a0 \u00a0 \u00a0 \u00a0 Pilar N\u00fa\u00f1ez-Cort\u00e9s Contreras<\/a>\u00a0 \u00a0 \u00a0 \u00a0 \u00a0 \u00a0 \u00a0 \u00a0 \u00a0 \u00a0 \u00a0 \u00a0<a href=\"https:\/\/www.cielolaboral.com\/wp-content\/uploads\/2015\/12\/CV_Tiago-Pimenta-Fernandes.pdf\">Tiago Pimenta Fernandes<\/a><\/strong><\/p>\n<p><strong>Oficina OIT Espa\u00f1a \u00a0 \u00a0 \u00a0 \u00a0 \u00a0 \u00a0 \u00a0 \u00a0 \u00a0 \u00a0 \u00a0 \u00a0 \u00a0 \u00a0 \u00a0 \u00a0 \u00a0Universidad Loyola Andaluc\u00eda \u00a0 \u00a0 \u00a0 \u00a0 \u00a0 \u00a0\u00a0 Universidade Portucalense<\/strong><\/p>\n<p><strong>\u00a0 \u00a0 \u00a0 \u00a0 \u00a0 \u00a0 \u00a0 \u00a0 \u00a0 \u00a0 \u00a0 \u00a0 \u00a0 \u00a0 \u00a0 \u00a0 \u00a0 \u00a0 \u00a0 \u00a0 \u00a0 \u00a0 \u00a0 \u00a0 \u00a0 \u00a0 \u00a0 \u00a0 \u00a0 \u00a0 \u00a0 \u00a0 \u00a0 \u00a0 \u00a0 \u00a0 \u00a0 \u00a0 \u00a0 \u00a0 \u00a0 \u00a0 \u00a0 \u00a0 \u00a0 \u00a0 \u00a0 \u00a0 \u00a0 \u00a0 \u00a0 \u00a0 \u00a0 \u00a0 \u00a0 \u00a0 \u00a0 \u00a0 \u00a0 \u00a0 \u00a0 \u00a0 \u00a0 \u00a0 \u00a0 \u00a0 \u00a0 \u00a0 \u00a0 \u00a0 \u00a0 \u00a0 \u00a0 \u00a0 \u00a0 \u00a0 \u00a0 \u00a0 \u00a0 Portugal<\/strong><\/p>\n<p><a href=\"https:\/\/www.cielolaboral.com\/wp-content\/uploads\/2017\/09\/cv_ron_latas.pdf\"><img loading=\"lazy\" decoding=\"async\" class=\"alignnone wp-image-6556 size-thumbnail\" src=\"https:\/\/www.cielolaboral.com\/wp-content\/uploads\/2017\/09\/foto_ron_latas-150x150.jpg\" alt=\"\" width=\"150\" height=\"150\" srcset=\"https:\/\/www.cielolaboral.com\/wp-content\/uploads\/2017\/09\/foto_ron_latas-150x150.jpg 150w, https:\/\/www.cielolaboral.com\/wp-content\/uploads\/2017\/09\/foto_ron_latas-230x230.jpg 230w, https:\/\/www.cielolaboral.com\/wp-content\/uploads\/2017\/09\/foto_ron_latas-330x330.jpg 330w\" sizes=\"(max-width: 150px) 100vw, 150px\" \/><\/a>\u00a0 \u00a0 \u00a0 \u00a0 \u00a0 \u00a0 \u00a0 \u00a0 \u00a0 \u00a0 \u00a0<a href=\"https:\/\/www.cielolaboral.com\/wp-content\/uploads\/2017\/10\/cv_michal.pdf\"><img loading=\"lazy\" decoding=\"async\" class=\"alignnone wp-image-6608 size-thumbnail\" src=\"https:\/\/www.cielolaboral.com\/wp-content\/uploads\/2017\/10\/foto_michal-150x150.jpg\" alt=\"\" width=\"150\" height=\"150\" srcset=\"https:\/\/www.cielolaboral.com\/wp-content\/uploads\/2017\/10\/foto_michal-150x150.jpg 150w, https:\/\/www.cielolaboral.com\/wp-content\/uploads\/2017\/10\/foto_michal-230x230.jpg 230w, https:\/\/www.cielolaboral.com\/wp-content\/uploads\/2017\/10\/foto_michal-330x330.jpg 330w\" sizes=\"(max-width: 150px) 100vw, 150px\" \/><\/a> \u00a0 \u00a0 \u00a0 \u00a0 \u00a0 \u00a0 \u00a0\u00a0 \u00a0 \u00a0 \u00a0 \u00a0 \u00a0<a href=\"https:\/\/www.cielolaboral.com\/wp-content\/uploads\/2015\/09\/CV_tiraboschi_CIELO_en.pdf\"><img loading=\"lazy\" decoding=\"async\" class=\"alignnone size-full wp-image-2416\" src=\"https:\/\/www.cielolaboral.com\/wp-content\/uploads\/2015\/09\/michele-tiraboschi.png\" alt=\"\" width=\"128\" height=\"128\" \/><\/a><\/p>\n<p><strong><a href=\"https:\/\/www.cielolaboral.com\/wp-content\/uploads\/2017\/09\/cv_ron_latas.pdf\">Ricardo Ron Latas<\/a><a href=\"https:\/\/www.cielolaboral.com\/wp-content\/uploads\/2015\/09\/CV_tiraboschi_CIELO_en.pdf\">\u00a0 \u00a0 \u00a0 \u00a0 \u00a0 \u00a0 \u00a0 \u00a0 \u00a0 \u00a0 \u00a0 \u00a0 \u00a0 \u00a0 \u00a0 \u00a0 \u00a0 \u00a0\u00a0 M<\/a><a href=\"https:\/\/www.cielolaboral.com\/wp-content\/uploads\/2017\/10\/cv_michal.pdf\">icha\u0142 Sewery\u0144ski\u00a0\u00a0\u00a0\u00a0<\/a><a href=\"https:\/\/www.cielolaboral.com\/wp-content\/uploads\/2015\/09\/CV_tiraboschi_CIELO_en.pdf\"> \u00a0 \u00a0 \u00a0 \u00a0 \u00a0 \u00a0 \u00a0 \u00a0 \u00a0 \u00a0 \u00a0 \u00a0 \u00a0 \u00a0 Michele Tiraboschi<\/a><\/strong><\/p>\n<p><strong>Universidade de A Coru\u00f1a \u00a0 \u00a0 \u00a0 \u00a0 \u00a0 \u00a0 \u00a0 \u00a0 \u00a0 \u00a0 Lodz University\u00a0\u00a0 \u00a0\u00a0 \u00a0 \u00a0 \u00a0 \u00a0 \u00a0 \u00a0 \u00a0 \u00a0 \u00a0 \u00a0 \u00a0 \u00a0 Universidad de M\u00f3dena, ADAPT\u00a0<\/strong><\/p>\n<p><strong>\u00a0\u00a0\u00a0\u00a0\u00a0\u00a0\u00a0\u00a0\u00a0\u00a0\u00a0\u00a0\u00a0\u00a0\u00a0\u00a0\u00a0\u00a0\u00a0\u00a0\u00a0\u00a0\u00a0\u00a0\u00a0\u00a0\u00a0\u00a0\u00a0\u00a0\u00a0\u00a0\u00a0\u00a0\u00a0\u00a0\u00a0\u00a0\u00a0\u00a0\u00a0\u00a0\u00a0\u00a0\u00a0\u00a0\u00a0\u00a0\u00a0\u00a0\u00a0\u00a0\u00a0\u00a0 \u00a0 \u00a0 \u00a0 \u00a0 \u00a0 \u00a0 \u00a0 \u00a0 \u00a0\u00a0 Poland \u00a0 \u00a0\u00a0\u00a0 \u00a0 \u00a0 \u00a0 \u00a0 \u00a0 \u00a0 \u00a0 \u00a0 \u00a0 \u00a0 \u00a0 \u00a0 \u00a0 \u00a0 \u00a0 \u00a0 \u00a0 \u00a0 \u00a0 \u00a0 \u00a0 \u00a0 \u00a0 \u00a0 \u00a0 \u00a0 \u00a0 \u00a0\u00a0\u00a0\u00a0 Italy<\/strong><\/p>\n<p><a href=\"https:\/\/www.cielolaboral.com\/wp-content\/uploads\/2015\/11\/CV_Ushakova_20151.pdf\"><img loading=\"lazy\" decoding=\"async\" class=\"alignnone size-full wp-image-2753\" src=\"https:\/\/www.cielolaboral.com\/wp-content\/uploads\/2015\/10\/foto_ushakova_tatsiana_rid.png\" alt=\"\" width=\"128\" height=\"128\" \/><\/a><\/p>\n<p><strong>\u00a0 \u00a0 \u00a0 <a href=\"https:\/\/www.cielolaboral.com\/wp-content\/uploads\/2015\/11\/CV_Ushakova_20151.pdf\">Tania Ushakova<\/a><\/strong><\/p>\n<p><strong>Universidad de Alcal\u00e1 de Henares<\/strong><\/p>\n<p>&nbsp;<\/p>\n<p><a href=\"https:\/\/www.cielolaboral.com\/wp-content\/uploads\/2017\/10\/cv_Lourdes.pdf\"><img loading=\"lazy\" decoding=\"async\" class=\"alignnone wp-image-5128 size-thumbnail\" src=\"https:\/\/www.cielolaboral.com\/wp-content\/uploads\/2016\/07\/foto_lourdes_mella-150x150.jpeg\" alt=\"\" width=\"150\" height=\"150\" srcset=\"https:\/\/www.cielolaboral.com\/wp-content\/uploads\/2016\/07\/foto_lourdes_mella-150x150.jpeg 150w, https:\/\/www.cielolaboral.com\/wp-content\/uploads\/2016\/07\/foto_lourdes_mella-230x230.jpeg 230w, https:\/\/www.cielolaboral.com\/wp-content\/uploads\/2016\/07\/foto_lourdes_mella-330x330.jpeg 330w\" sizes=\"(max-width: 150px) 100vw, 150px\" \/><\/a><a href=\"https:\/\/www.cielolaboral.com\/wp-content\/uploads\/2016\/07\/foto_lourdes_mella.jpeg\">\u00a0 \u00a0 \u00a0 \u00a0 \u00a0 \u00a0 \u00a0 \u00a0 \u00a0 \u00a0 \u00a0 \u00a0 \u00a0 \u00a0 \u00a0 \u00a0 \u00a0 \u00a0<\/a><\/p>\n<p><a href=\"https:\/\/www.cielolaboral.com\/wp-content\/uploads\/2017\/10\/cv_Lourdes.pdf\"><strong>Lourdes Mella M\u00e9ndez \u00a0<\/strong><\/a><\/p>\n<p><strong>Universidade de Santiago de Compostela<\/strong><\/p>\n<p>&nbsp;<\/p>\n<p><strong>REGISTRATION FORM\u00a0<a href=\"https:\/\/www.cielolaboral.com\/wp-content\/uploads\/2017\/10\/registration-form.doc\"><img loading=\"lazy\" decoding=\"async\" class=\"alignnone size-full wp-image-374\" src=\"https:\/\/www.cielolaboral.com\/wp-content\/uploads\/2014\/02\/pdf_icon.png\" alt=\"\" width=\"16\" height=\"16\" \/><\/a><\/strong><\/p>\n<p><strong>FORMULARIO DE INSCRIPCI\u00d3N\u00a0<a href=\"https:\/\/www.cielolaboral.com\/wp-content\/uploads\/2017\/10\/formulario_inscripcion.doc\"><img loading=\"lazy\" decoding=\"async\" class=\"alignnone size-full wp-image-374\" src=\"https:\/\/www.cielolaboral.com\/wp-content\/uploads\/2014\/02\/pdf_icon.png\" alt=\"\" width=\"16\" height=\"16\" \/><\/a><\/strong><\/p>\n<p>&nbsp;<\/p>\n<p><strong>ABSTRACT FORM\u00a0<a href=\"https:\/\/www.cielolaboral.com\/wp-content\/uploads\/2017\/09\/formulario-abstract-Ingles.doc\"><img loading=\"lazy\" decoding=\"async\" class=\"alignnone size-full wp-image-374\" src=\"https:\/\/www.cielolaboral.com\/wp-content\/uploads\/2014\/02\/pdf_icon.png\" alt=\"\" width=\"16\" height=\"16\" \/><\/a><\/strong><\/p>\n<p><strong>FORMULARIO PARA EL ENVIO DE ABSTRACT\u00a0<\/strong><strong>\u00a0<\/strong><a href=\"https:\/\/www.cielolaboral.com\/wp-content\/uploads\/2017\/09\/formulario-abstract-Espa\u00f1ol.doc\"><img loading=\"lazy\" decoding=\"async\" class=\"alignnone size-full wp-image-374\" src=\"https:\/\/www.cielolaboral.com\/wp-content\/uploads\/2014\/02\/pdf_icon.png\" alt=\"\" width=\"16\" height=\"16\" \/><\/a><\/p>\n<p>&nbsp;<\/p>\n<p><strong>ADDITIONAL INFORMATION<a href=\"https:\/\/www.cielolaboral.com\/wp-content\/uploads\/2018\/03\/informacion_adicional_en-ingl\u00e9s.pdf\">\u00a0<img loading=\"lazy\" decoding=\"async\" class=\"alignnone wp-image-374\" src=\"https:\/\/www.cielolaboral.com\/wp-content\/uploads\/2014\/02\/pdf_icon.png\" alt=\"\" width=\"16\" height=\"16\" \/><\/a><\/strong><\/p>\n<p><strong>INFORMACI\u00d3N ADICIONAL\u00a0<a href=\"https:\/\/www.cielolaboral.com\/wp-content\/uploads\/2018\/03\/informacion_adicional_cast.pdf\"><img loading=\"lazy\" decoding=\"async\" class=\"alignnone size-full wp-image-374\" src=\"https:\/\/www.cielolaboral.com\/wp-content\/uploads\/2014\/02\/pdf_icon.png\" alt=\"\" width=\"16\" height=\"16\" \/><\/a><\/strong><\/p>\n<p>&nbsp;<\/p>\n<p><strong>PROGRAMA FINAL\u00a0<a href=\"https:\/\/www.cielolaboral.com\/wp-content\/uploads\/2018\/03\/programa-congreso-santiago-2018.pdf\"><img loading=\"lazy\" decoding=\"async\" class=\"alignnone size-full wp-image-374\" src=\"https:\/\/www.cielolaboral.com\/wp-content\/uploads\/2014\/02\/pdf_icon.png\" alt=\"\" width=\"16\" height=\"16\" \/><\/a><\/strong><\/p>\n<p><strong>POSTER<\/strong><\/p>\n<p><a href=\"https:\/\/www.cielolaboral.com\/wp-content\/uploads\/2017\/11\/cielo-evento.png\"><img loading=\"lazy\" decoding=\"async\" class=\"alignnone size-medium wp-image-6711\" src=\"https:\/\/www.cielolaboral.com\/wp-content\/uploads\/2017\/11\/cielo-evento-213x300.png\" alt=\"\" width=\"213\" height=\"300\" srcset=\"https:\/\/www.cielolaboral.com\/wp-content\/uploads\/2017\/11\/cielo-evento-213x300.png 213w, https:\/\/www.cielolaboral.com\/wp-content\/uploads\/2017\/11\/cielo-evento.png 302w\" sizes=\"(max-width: 213px) 100vw, 213px\" \/><\/a>[:fr]<\/p>\n<h1 style=\"text-align: center;\">CALL FOR PAPERS<\/h1>\n<h2 style=\"text-align: center;\"><span style=\"color: #339966;\"><strong>INTERNATIONAL CONFERENCE<\/strong><\/span><span style=\"color: #339966;\"><strong>\u00a0<\/strong><\/span><\/h2>\n<h2 style=\"text-align: center;\"><span style=\"color: #339966;\"><strong>\u201cTECHNOLOGICAL INNOVATION AND THE FUTURE OF WORK:<\/strong><\/span><\/h2>\n<h2 style=\"text-align: center;\"><span style=\"color: #339966;\"><strong>EMERGING ASPECTS WORLDWIDE\u201d<\/strong><\/span><span style=\"color: #339966;\"><strong>\u00a0<\/strong><\/span><\/h2>\n<h2 style=\"text-align: center;\"><span style=\"color: #339966;\"><strong>(United Kingdom, France, Germany, Italy, Poland, Russia, Portugal and Spain)<\/strong><\/span><span style=\"color: #339966;\"><strong>\u00a0<\/strong><\/span><\/h2>\n<h2 style=\"text-align: center;\"><span style=\"color: #339966;\"><strong>Santiago de Compostela, 5<sup>th<\/sup> and 6<sup>th<\/sup> April, 2018<\/strong><\/span><\/h2>\n<h4 style=\"text-align: right;\"><span style=\"color: #000000;\"><em><strong>This Conference is in honour of Professors Jo Carby-Hall and Manfred Weiss<\/strong><\/em><\/span><\/h4>\n<p>&nbsp;<\/p>\n\n<div class=\"gde-error\">GDE Error: Error retrieving file - if necessary turn off error checking (404:Not Found)<\/div>\n\n<p>&nbsp;<\/p>\n<p><strong>COLLABORATION AND SPONSORSHIPS<\/strong><\/p>\n<p class=\"gde-text\"><a href=\"https:\/\/www.cielolaboral.com\/wp-content\/uploads\/2017\/09\/sponsorships.pdf\" class=\"gde-link\">Download (PDF, 813KB)<\/a><\/p>\n<iframe src=\"\/\/docs.google.com\/viewer?url=https%3A%2F%2Fwww.cielolaboral.com%2Fwp-content%2Fuploads%2F2017%2F09%2Fsponsorships.pdf&hl=en_US&embedded=true\" class=\"gde-frame\" style=\"width:100%; height:500px; border: none;\" scrolling=\"no\"><\/iframe>\n<p>&nbsp;<\/p>\n<p><strong>CALL FOR PAPERS EN ESPA\u00d1OL<\/strong><\/p>\n\n<div class=\"gde-error\">GDE Error: Error retrieving file - if necessary turn off error checking (404:Not Found)<\/div>\n\n<p>&nbsp;<\/p>\n<p><strong>KEY SPEAKERS<\/strong><\/p>\n<p><a href=\"https:\/\/www.cielolaboral.com\/wp-content\/uploads\/2017\/09\/CV_Jo_Carby_Hall.pdf\"><img decoding=\"async\" class=\"alignnone size-full wp-image-6502\" src=\"https:\/\/www.cielolaboral.com\/wp-content\/uploads\/2017\/09\/foto_jo_carby_hall.jpg\" alt=\"\" width=\"142\" height=\"149\" \/>\u00a0 \u00a0 \u00a0 \u00a0 \u00a0 \u00a0 \u00a0 \u00a0<\/a><a href=\"https:\/\/www.cielolaboral.com\/wp-content\/uploads\/2017\/09\/CV_Manfred-Weiss.pdf\"><img decoding=\"async\" class=\"alignnone wp-image-6510 size-thumbnail\" src=\"https:\/\/www.cielolaboral.com\/wp-content\/uploads\/2017\/09\/foto_manfred-weiss-150x150.jpg\" alt=\"\" width=\"150\" height=\"150\" \/><\/a><\/p>\n<p><strong><a href=\"https:\/\/www.cielolaboral.com\/wp-content\/uploads\/2017\/09\/CV_Jo_Carby_Hall.pdf\">Jo Carby-Hall <\/a>\u00a0 \u00a0 \u00a0 \u00a0 \u00a0 \u00a0 \u00a0 \u00a0 \u00a0 \u00a0 \u00a0 \u00a0 \u00a0 \u00a0 \u00a0 \u00a0 \u00a0 \u00a0 <a href=\"https:\/\/www.cielolaboral.com\/wp-content\/uploads\/2017\/09\/CV_Manfred-Weiss.pdf\">Manfred Weiss<\/a><\/strong><\/p>\n<p><strong>University of Hull \u00a0 \u00a0 \u00a0 \u00a0 \u00a0 \u00a0 \u00a0 \u00a0 \u00a0 \u00a0 \u00a0 \u00a0 \u00a0 \u00a0University of Frankfurt<\/strong><\/p>\n<p>&nbsp;<\/p>\n<p><a href=\"https:\/\/www.cielolaboral.com\/wp-content\/uploads\/2016\/08\/Cv_abrunhosa_duarte.pdf\"><img decoding=\"async\" class=\"alignnone size-full wp-image-6505\" src=\"https:\/\/www.cielolaboral.com\/wp-content\/uploads\/2017\/09\/foto_duarte.jpg\" alt=\"\" width=\"154\" height=\"163\" \/>\u00a0 \u00a0 \u00a0 \u00a0 \u00a0 \u00a0<\/a><a href=\"https:\/\/www.cielolaboral.com\/wp-content\/uploads\/2017\/07\/CV_casas_baamonde_maria_emilia.pdf\"><img loading=\"lazy\" decoding=\"async\" class=\"alignnone wp-image-6334 size-thumbnail\" src=\"https:\/\/www.cielolaboral.com\/wp-content\/uploads\/2017\/07\/foto_casas_baamonde_maria_emilia-150x150.jpg\" alt=\"\" width=\"150\" height=\"150\" srcset=\"https:\/\/www.cielolaboral.com\/wp-content\/uploads\/2017\/07\/foto_casas_baamonde_maria_emilia-150x150.jpg 150w, https:\/\/www.cielolaboral.com\/wp-content\/uploads\/2017\/07\/foto_casas_baamonde_maria_emilia-230x230.jpg 230w, https:\/\/www.cielolaboral.com\/wp-content\/uploads\/2017\/07\/foto_casas_baamonde_maria_emilia-330x330.jpg 330w\" sizes=\"(max-width: 150px) 100vw, 150px\" \/><\/a><a href=\"https:\/\/www.cielolaboral.com\/wp-content\/uploads\/2016\/08\/Cv_abrunhosa_duarte.pdf\">\u00a0<\/a>\u00a0 \u00a0 \u00a0 \u00a0 \u00a0 \u00a0 \u00a0 \u00a0 \u00a0 \u00a0 \u00a0 <span style=\"color: #ff0000;\">Luis de Castro Mejuto \u00a0 \u00a0 \u00a0 \u00a0 \u00a0 \u00a0<\/span><\/p>\n<p><strong><a href=\"https:\/\/www.cielolaboral.com\/wp-content\/uploads\/2016\/08\/Cv_abrunhosa_duarte.pdf\">Duarte Abrunhosa e Sousa<\/a> \u00a0 \u00a0 \u00a0 \u00a0 \u00a0 <a href=\"https:\/\/www.cielolaboral.com\/wp-content\/uploads\/2017\/07\/CV_casas_baamonde_maria_emilia.pdf\">Mar\u00eda Emilia Casas Baamonde <\/a><\/strong><\/p>\n<p><strong>Abogado, Portugal \u00a0 \u00a0 \u00a0 \u00a0 \u00a0 \u00a0 \u00a0 \u00a0 \u00a0 \u00a0 \u00a0 Universidad Complutense de Madrid<\/strong><\/p>\n<p>&nbsp;<\/p>\n<p><span style=\"color: #ff0000;\"><a href=\"https:\/\/www.cielolaboral.com\/wp-content\/uploads\/2017\/09\/cv_DARIA-CHERNYAEVA.pdf\"><img loading=\"lazy\" decoding=\"async\" class=\"alignnone size-full wp-image-6522\" src=\"https:\/\/www.cielolaboral.com\/wp-content\/uploads\/2017\/09\/daria.png\" alt=\"\" width=\"108\" height=\"152\" \/><\/a>\u00a0 \u00a0 \u00a0 \u00a0 \u00a0 \u00a0 \u00a0 \u00a0 \u00a0 \u00a0 \u00a0 \u00a0 \u00a0\u00a0<a href=\"https:\/\/www.cielolaboral.com\/wp-content\/uploads\/2017\/09\/foto_chelo.jpg\"><img loading=\"lazy\" decoding=\"async\" class=\"alignnone wp-image-6544 size-thumbnail\" src=\"https:\/\/www.cielolaboral.com\/wp-content\/uploads\/2017\/09\/foto_chelo-150x150.jpg\" alt=\"\" width=\"150\" height=\"150\" srcset=\"https:\/\/www.cielolaboral.com\/wp-content\/uploads\/2017\/09\/foto_chelo-150x150.jpg 150w, https:\/\/www.cielolaboral.com\/wp-content\/uploads\/2017\/09\/foto_chelo-230x230.jpg 230w, https:\/\/www.cielolaboral.com\/wp-content\/uploads\/2017\/09\/foto_chelo-330x330.jpg 330w\" sizes=\"(max-width: 150px) 100vw, 150px\" \/><\/a>\u00a0 \u00a0 \u00a0 \u00a0 \u00a0 \u00a0 \u00a0 \u00a0 \u00a0 \u00a0 \u00a0 \u00a0 \u00a0 \u00a0 \u00a0 \u00a0 \u00a0 \u00a0 \u00a0 \u00a0<a href=\"https:\/\/www.cielolaboral.com\/wp-content\/uploads\/2016\/10\/CV_garcia_quinones_juan_carlos.pdf\"><img loading=\"lazy\" decoding=\"async\" class=\"alignnone wp-image-5506 size-thumbnail\" src=\"https:\/\/www.cielolaboral.com\/wp-content\/uploads\/2016\/10\/foto_garcia_quinones_juan_carlos-150x150.png\" alt=\"\" width=\"150\" height=\"150\" srcset=\"https:\/\/www.cielolaboral.com\/wp-content\/uploads\/2016\/10\/foto_garcia_quinones_juan_carlos-150x150.png 150w, https:\/\/www.cielolaboral.com\/wp-content\/uploads\/2016\/10\/foto_garcia_quinones_juan_carlos-230x230.png 230w\" sizes=\"(max-width: 150px) 100vw, 150px\" \/><\/a><\/span><\/p>\n<p><a href=\"https:\/\/www.cielolaboral.com\/wp-content\/uploads\/2016\/10\/CV_garcia_quinones_juan_carlos.pdf\"><strong>\u00a0 <\/strong><\/a><a href=\"https:\/\/www.cielolaboral.com\/wp-content\/uploads\/2017\/09\/cv_DARIA-CHERNYAEVA.pdf\"><strong>Daria Chernyaeva<\/strong><\/a><a href=\"https:\/\/www.cielolaboral.com\/wp-content\/uploads\/2016\/10\/CV_garcia_quinones_juan_carlos.pdf\"><strong>\u00a0 \u00a0 \u00a0 \u00a0 \u00a0 \u00a0 \u00a0 \u00a0 \u00a0 \u00a0 \u00a0 \u00a0 \u00a0 Consuelo Ferreiro\u00a0Regueiro \u00a0 \u00a0 \u00a0 \u00a0 \u00a0 \u00a0 \u00a0 \u00a0 \u00a0 \u00a0 \u00a0 \u00a0 \u00a0 \u00a0 \u00a0 Juan Carlos Garc\u00eda Qui\u00f1ones<\/strong><\/a><\/p>\n<p><strong>National Research University \u00a0 \u00a0Universidad de Santiago de Compostela \u00a0Universidad Complutense de Madrid \u00a0 \u201cHigher School of Economics\u201d \u00a0<\/strong><\/p>\n<p><a href=\"https:\/\/www.cielolaboral.com\/wp-content\/uploads\/2015\/12\/CV_Publications_LoicLerouge_CIELO.pdf\"><img loading=\"lazy\" decoding=\"async\" class=\"alignnone wp-image-3338 size-thumbnail\" src=\"https:\/\/www.cielolaboral.com\/wp-content\/uploads\/2015\/12\/LOIC-LEROUGE-150x150.jpg\" alt=\"\" width=\"150\" height=\"150\" srcset=\"https:\/\/www.cielolaboral.com\/wp-content\/uploads\/2015\/12\/LOIC-LEROUGE-150x150.jpg 150w, https:\/\/www.cielolaboral.com\/wp-content\/uploads\/2015\/12\/LOIC-LEROUGE-230x230.jpg 230w, https:\/\/www.cielolaboral.com\/wp-content\/uploads\/2015\/12\/LOIC-LEROUGE-330x330.jpg 330w\" sizes=\"(max-width: 150px) 100vw, 150px\" \/>\u00a0 \u00a0 \u00a0 \u00a0 \u00a0 \u00a0 \u00a0<\/a><a href=\"https:\/\/www.cielolaboral.com\/wp-content\/uploads\/2015\/12\/CV_lousada_fernando.pdf\"><img loading=\"lazy\" decoding=\"async\" class=\"alignnone wp-image-3799 size-thumbnail\" src=\"https:\/\/www.cielolaboral.com\/wp-content\/uploads\/2015\/12\/foto_lousada_fernando-150x150.png\" alt=\"\" width=\"150\" height=\"150\" srcset=\"https:\/\/www.cielolaboral.com\/wp-content\/uploads\/2015\/12\/foto_lousada_fernando-150x150.png 150w, https:\/\/www.cielolaboral.com\/wp-content\/uploads\/2015\/12\/foto_lousada_fernando-230x230.png 230w, https:\/\/www.cielolaboral.com\/wp-content\/uploads\/2015\/12\/foto_lousada_fernando-330x330.png 330w\" sizes=\"(max-width: 150px) 100vw, 150px\" \/>\u00a0 \u00a0 \u00a0 \u00a0 \u00a0 \u00a0 \u00a0 \u00a0 \u00a0 \u00a0 \u00a0\u00a0<\/a><span style=\"color: #ff0000;\">Lara Mun\u00edn<\/span><\/p>\n<p><strong><a href=\"https:\/\/www.cielolaboral.com\/wp-content\/uploads\/2015\/12\/CV_Publications_LoicLerouge_CIELO.pdf\">Lo\u00efc Lerouge<\/a> \u00a0 \u00a0 \u00a0 \u00a0 \u00a0 \u00a0 \u00a0 \u00a0 \u00a0 \u00a0 \u00a0 \u00a0 \u00a0 \u00a0 \u00a0 \u00a0 <a href=\"https:\/\/www.cielolaboral.com\/wp-content\/uploads\/2015\/12\/CV_lousada_fernando.pdf\">Jos\u00e9 Fernando Lousada Arochena <\/a>\u00a0 \u00a0 \u00a0 \u00a0 \u00a0\u00a0<\/strong><\/p>\n<p><strong>COMPTRASEC \u00a0 \u00a0 \u00a0 \u00a0 \u00a0 \u00a0 \u00a0 \u00a0 \u00a0 \u00a0 \u00a0 \u00a0 \u00a0 \u00a0 \u00a0\u00a0<\/strong><\/p>\n<p>&nbsp;<\/p>\n<p><span style=\"color: #ff0000;\"><a href=\"https:\/\/www.cielolaboral.com\/wp-content\/uploads\/2017\/09\/CV_nieto_sainz_joaquin.pdf\"><img loading=\"lazy\" decoding=\"async\" class=\"alignnone wp-image-6551 size-thumbnail\" src=\"https:\/\/www.cielolaboral.com\/wp-content\/uploads\/2017\/09\/foto_nieto_sainz_joaquin-1-150x150.png\" alt=\"\" width=\"150\" height=\"150\" srcset=\"https:\/\/www.cielolaboral.com\/wp-content\/uploads\/2017\/09\/foto_nieto_sainz_joaquin-1-150x150.png 150w, https:\/\/www.cielolaboral.com\/wp-content\/uploads\/2017\/09\/foto_nieto_sainz_joaquin-1-230x230.png 230w, https:\/\/www.cielolaboral.com\/wp-content\/uploads\/2017\/09\/foto_nieto_sainz_joaquin-1-330x330.png 330w\" sizes=\"(max-width: 150px) 100vw, 150px\" \/><\/a>\u00a0 \u00a0 \u00a0 \u00a0 \u00a0 \u00a0 \u00a0 \u00a0<a href=\"https:\/\/www.cielolaboral.com\/wp-content\/uploads\/2015\/12\/CV_cortes_contreras.pdf\"><img loading=\"lazy\" decoding=\"async\" class=\"alignnone wp-image-3560 size-thumbnail\" src=\"https:\/\/www.cielolaboral.com\/wp-content\/uploads\/2015\/12\/foto_cortes-contreras-150x150.jpg\" alt=\"\" width=\"150\" height=\"150\" srcset=\"https:\/\/www.cielolaboral.com\/wp-content\/uploads\/2015\/12\/foto_cortes-contreras-150x150.jpg 150w, https:\/\/www.cielolaboral.com\/wp-content\/uploads\/2015\/12\/foto_cortes-contreras-230x230.jpg 230w, https:\/\/www.cielolaboral.com\/wp-content\/uploads\/2015\/12\/foto_cortes-contreras-330x330.jpg 330w\" sizes=\"(max-width: 150px) 100vw, 150px\" \/><\/a>\u00a0 \u00a0 \u00a0 \u00a0 \u00a0 \u00a0 \u00a0<a href=\"https:\/\/www.cielolaboral.com\/wp-content\/uploads\/2015\/12\/CV_Tiago-Pimenta-Fernandes.pdf\"><img loading=\"lazy\" decoding=\"async\" class=\"alignnone wp-image-4441 size-thumbnail\" src=\"https:\/\/www.cielolaboral.com\/wp-content\/uploads\/2016\/03\/Foto-Tiago_Pimenta-150x150.jpg\" alt=\"\" width=\"150\" height=\"150\" srcset=\"https:\/\/www.cielolaboral.com\/wp-content\/uploads\/2016\/03\/Foto-Tiago_Pimenta-150x150.jpg 150w, https:\/\/www.cielolaboral.com\/wp-content\/uploads\/2016\/03\/Foto-Tiago_Pimenta-230x230.jpg 230w, https:\/\/www.cielolaboral.com\/wp-content\/uploads\/2016\/03\/Foto-Tiago_Pimenta-330x330.jpg 330w\" sizes=\"(max-width: 150px) 100vw, 150px\" \/><\/a><\/span><\/p>\n<p><strong><a href=\"https:\/\/www.cielolaboral.com\/wp-content\/uploads\/2017\/09\/CV_nieto_sainz_joaquin.pdf\">\u00a0 Joaqu\u00edn Nieto Sainz<\/a><a href=\"https:\/\/www.cielolaboral.com\/wp-content\/uploads\/2015\/12\/CV_cortes_contreras.pdf\"> \u00a0 \u00a0 \u00a0 \u00a0 \u00a0 \u00a0 \u00a0 \u00a0 \u00a0 \u00a0 \u00a0 Pilar N\u00fa\u00f1ez-Cort\u00e9s Contreras<\/a> \u00a0 \u00a0 \u00a0 \u00a0 \u00a0 \u00a0<a href=\"https:\/\/www.cielolaboral.com\/wp-content\/uploads\/2015\/12\/CV_Tiago-Pimenta-Fernandes.pdf\">Tiago Pimenta Fernandes<\/a><\/strong><\/p>\n<p><strong>Director Oficina OIT Espa\u00f1a \u00a0 \u00a0 \u00a0 \u00a0Universidad Loyola Andaluc\u00eda \u00a0 \u00a0 \u00a0 \u00a0 \u00a0 \u00a0 Universidade Portucalense<\/strong><\/p>\n<p><a href=\"https:\/\/www.cielolaboral.com\/wp-content\/uploads\/2017\/09\/foto_ron_latas.jpg\"><img loading=\"lazy\" decoding=\"async\" class=\"alignnone wp-image-6556 size-thumbnail\" src=\"https:\/\/www.cielolaboral.com\/wp-content\/uploads\/2017\/09\/foto_ron_latas-150x150.jpg\" alt=\"\" width=\"150\" height=\"150\" srcset=\"https:\/\/www.cielolaboral.com\/wp-content\/uploads\/2017\/09\/foto_ron_latas-150x150.jpg 150w, https:\/\/www.cielolaboral.com\/wp-content\/uploads\/2017\/09\/foto_ron_latas-230x230.jpg 230w, https:\/\/www.cielolaboral.com\/wp-content\/uploads\/2017\/09\/foto_ron_latas-330x330.jpg 330w\" sizes=\"(max-width: 150px) 100vw, 150px\" \/><\/a>\u00a0 \u00a0 \u00a0 \u00a0 \u00a0 \u00a0 \u00a0 \u00a0 \u00a0 \u00a0<span style=\"color: #ff0000;\">Micha\u0142 Sewery\u0144ski<\/span> \u00a0 \u00a0 \u00a0 \u00a0 \u00a0 \u00a0 \u00a0 \u00a0 \u00a0 \u00a0 \u00a0 \u00a0 \u00a0 \u00a0 \u00a0<a href=\"https:\/\/www.cielolaboral.com\/wp-content\/uploads\/2015\/09\/CV_tiraboschi_CIELO_en.pdf\"><img loading=\"lazy\" decoding=\"async\" class=\"alignnone size-full wp-image-2416\" src=\"https:\/\/www.cielolaboral.com\/wp-content\/uploads\/2015\/09\/michele-tiraboschi.png\" alt=\"\" width=\"128\" height=\"128\" \/><\/a><\/p>\n<p><strong>Ricardo Ron Latas<a href=\"https:\/\/www.cielolaboral.com\/wp-content\/uploads\/2015\/09\/CV_tiraboschi_CIELO_en.pdf\">\u00a0 \u00a0 \u00a0 \u00a0 \u00a0 \u00a0 \u00a0 \u00a0 \u00a0 \u00a0 \u00a0 \u00a0 \u00a0 \u00a0 \u00a0 \u00a0 \u00a0 \u00a0 \u00a0 \u00a0 \u00a0 \u00a0 \u00a0 \u00a0 \u00a0 \u00a0 \u00a0 \u00a0 \u00a0 \u00a0 \u00a0 \u00a0 \u00a0 \u00a0 \u00a0 \u00a0 \u00a0 \u00a0 \u00a0 \u00a0 \u00a0 \u00a0 \u00a0 \u00a0 \u00a0 \u00a0 \u00a0 \u00a0Michele Tiraboschi<\/a><\/strong><\/p>\n<p><strong>\u00a0 \u00a0 \u00a0 \u00a0 \u00a0 \u00a0 \u00a0 \u00a0 \u00a0 \u00a0 \u00a0 \u00a0 \u00a0 \u00a0 \u00a0 \u00a0 \u00a0 \u00a0 \u00a0 \u00a0 \u00a0 \u00a0 \u00a0 \u00a0 \u00a0 \u00a0 \u00a0 \u00a0 \u00a0 \u00a0 \u00a0 \u00a0 \u00a0 \u00a0 \u00a0 \u00a0 \u00a0 \u00a0 \u00a0 \u00a0 \u00a0 \u00a0 \u00a0 \u00a0 \u00a0 \u00a0 \u00a0 \u00a0 \u00a0 \u00a0 \u00a0 \u00a0 \u00a0 \u00a0Universidad de M\u00f3dena, ADAPT<\/strong><\/p>\n<p><a href=\"https:\/\/www.cielolaboral.com\/wp-content\/uploads\/2015\/11\/CV_Ushakova_20151.pdf\"><img loading=\"lazy\" decoding=\"async\" class=\"alignnone size-full wp-image-2753\" src=\"https:\/\/www.cielolaboral.com\/wp-content\/uploads\/2015\/10\/foto_ushakova_tatsiana_rid.png\" alt=\"\" width=\"128\" height=\"128\" \/><\/a><\/p>\n<p><strong>\u00a0 \u00a0 \u00a0 <a href=\"https:\/\/www.cielolaboral.com\/wp-content\/uploads\/2015\/11\/CV_Ushakova_20151.pdf\">Tania Ushakova<\/a><\/strong><\/p>\n<p><strong>Universidad de Alcal\u00e1 de Henares<\/strong><\/p>\n<p>&nbsp;<\/p>\n<p>&nbsp;<\/p>\n<p>&nbsp;<\/p>\n<p>&nbsp;<\/p>\n<p><a href=\"https:\/\/www.cielolaboral.com\/wp-content\/uploads\/2016\/01\/CV_lourdes_mella.pdf\"><img loading=\"lazy\" decoding=\"async\" class=\"alignnone wp-image-5128 size-thumbnail\" src=\"https:\/\/www.cielolaboral.com\/wp-content\/uploads\/2016\/07\/foto_lourdes_mella-150x150.jpeg\" alt=\"\" width=\"150\" height=\"150\" srcset=\"https:\/\/www.cielolaboral.com\/wp-content\/uploads\/2016\/07\/foto_lourdes_mella-150x150.jpeg 150w, https:\/\/www.cielolaboral.com\/wp-content\/uploads\/2016\/07\/foto_lourdes_mella-230x230.jpeg 230w, https:\/\/www.cielolaboral.com\/wp-content\/uploads\/2016\/07\/foto_lourdes_mella-330x330.jpeg 330w\" sizes=\"(max-width: 150px) 100vw, 150px\" \/><\/a><a href=\"https:\/\/www.cielolaboral.com\/wp-content\/uploads\/2016\/07\/foto_lourdes_mella.jpeg\">\u00a0 \u00a0 \u00a0 \u00a0 \u00a0 \u00a0 \u00a0 \u00a0 \u00a0 \u00a0 \u00a0 \u00a0 \u00a0 \u00a0 \u00a0 \u00a0 \u00a0 \u00a0<\/a><\/p>\n<p><strong><a href=\"https:\/\/www.cielolaboral.com\/wp-content\/uploads\/2016\/01\/CV_lourdes_mella.pdf\">Lourdes Mella M\u00e9ndez <\/a>\u00a0<\/strong><\/p>\n<p><strong>Universidad de Santiago de Compostela<\/strong><\/p>\n<p>&nbsp;<\/p>\n<p><strong>REGISTRATION FORM\u00a0<a href=\"https:\/\/www.cielolaboral.com\/wp-content\/uploads\/2017\/09\/registration-form.doc\"><img loading=\"lazy\" decoding=\"async\" class=\"alignnone size-full wp-image-374\" src=\"https:\/\/www.cielolaboral.com\/wp-content\/uploads\/2014\/02\/pdf_icon.png\" alt=\"\" width=\"16\" height=\"16\" \/><\/a><\/strong><\/p>\n<p><strong>FORMULARIO DE INSCRIPCI\u00d3N\u00a0<a href=\"https:\/\/www.cielolaboral.com\/wp-content\/uploads\/2017\/09\/formulario_inscripcion.doc\"><img loading=\"lazy\" decoding=\"async\" class=\"alignnone size-full wp-image-374\" src=\"https:\/\/www.cielolaboral.com\/wp-content\/uploads\/2014\/02\/pdf_icon.png\" alt=\"\" width=\"16\" height=\"16\" \/><\/a><\/strong><\/p>\n<p>&nbsp;<\/p>\n<p><strong>ABSTRACT FORM\u00a0<a href=\"https:\/\/www.cielolaboral.com\/wp-content\/uploads\/2017\/09\/formulario-abstract-Ingles.doc\"><img loading=\"lazy\" decoding=\"async\" class=\"alignnone size-full wp-image-374\" src=\"https:\/\/www.cielolaboral.com\/wp-content\/uploads\/2014\/02\/pdf_icon.png\" alt=\"\" width=\"16\" height=\"16\" \/><\/a><\/strong><\/p>\n<p><strong>FORMULARIO PARA EL ENVIO DE ABSTRACT\u00a0<\/strong><strong>\u00a0<\/strong><a href=\"https:\/\/www.cielolaboral.com\/wp-content\/uploads\/2017\/09\/formulario-abstract-Espa\u00f1ol.doc\"><img loading=\"lazy\" decoding=\"async\" class=\"alignnone size-full wp-image-374\" src=\"https:\/\/www.cielolaboral.com\/wp-content\/uploads\/2014\/02\/pdf_icon.png\" alt=\"\" width=\"16\" height=\"16\" \/><\/a><\/p>\n<p>&nbsp;<\/p>\n<p><strong>ADDITIONAL INFORMATION<a href=\"https:\/\/www.cielolaboral.com\/wp-content\/uploads\/2017\/09\/informacion_adicional_en.pdf\">\u00a0<img loading=\"lazy\" decoding=\"async\" class=\"alignnone wp-image-374\" src=\"https:\/\/www.cielolaboral.com\/wp-content\/uploads\/2014\/02\/pdf_icon.png\" alt=\"\" width=\"16\" height=\"16\" \/><\/a><\/strong><\/p>\n<p><strong>INFORMACI\u00d3N ADICIONAL\u00a0<a href=\"https:\/\/www.cielolaboral.com\/wp-content\/uploads\/2017\/09\/informacion_adicional_es.pdf\"><img loading=\"lazy\" decoding=\"async\" class=\"alignnone size-full wp-image-374\" src=\"https:\/\/www.cielolaboral.com\/wp-content\/uploads\/2014\/02\/pdf_icon.png\" alt=\"\" width=\"16\" height=\"16\" \/><\/a><\/strong><\/p>\n<p>&nbsp;<\/p>\n<p><strong>PROGRAMA FINAL\u00a0<a href=\"https:\/\/www.cielolaboral.com\/wp-content\/uploads\/2018\/03\/programa-congreso-santiago-2018.pdf\"><img loading=\"lazy\" decoding=\"async\" class=\"alignnone size-full wp-image-374\" src=\"https:\/\/www.cielolaboral.com\/wp-content\/uploads\/2014\/02\/pdf_icon.png\" alt=\"\" width=\"16\" height=\"16\" \/><\/a><\/strong><\/p>\n<p>&nbsp;<\/p>\n<p><strong>POSTER<\/strong><\/p>\n<p><a href=\"https:\/\/www.cielolaboral.com\/wp-content\/uploads\/2017\/11\/cielo-evento.png\"><img loading=\"lazy\" decoding=\"async\" class=\"alignnone size-medium wp-image-6711\" src=\"https:\/\/www.cielolaboral.com\/wp-content\/uploads\/2017\/11\/cielo-evento-213x300.png\" alt=\"\" width=\"213\" height=\"300\" srcset=\"https:\/\/www.cielolaboral.com\/wp-content\/uploads\/2017\/11\/cielo-evento-213x300.png 213w, https:\/\/www.cielolaboral.com\/wp-content\/uploads\/2017\/11\/cielo-evento.png 302w\" sizes=\"(max-width: 213px) 100vw, 213px\" \/><\/a><\/p>\n<p>&nbsp;<\/p>\n<p>&nbsp;[:]<\/p>\n","protected":false},"excerpt":{"rendered":"<p>[:es] CALL FOR PAPERS INTERNATIONAL CONFERENCE\u00a0 \u201cTECHNOLOGICAL INNOVATION AND THE FUTURE OF WORK: EMERGING ASPECTS WORLDWIDE\u201d\u00a0 (United Kingdom, France, Germany, Italy, Poland, Russia, Portugal and Spain)\u00a0 Santiago de Compostela, 5th and 6th April, 2018 This Conference is in honour of<a class=\"more-link\" href=\"https:\/\/www.cielolaboral.com\/fr\/industrial-phd\/6460-2\/\" title=\"\"><span>Read more<\/span><\/a><\/p>\n","protected":false},"author":16,"featured_media":0,"parent":229,"menu_order":0,"comment_status":"closed","ping_status":"closed","template":"","meta":{"footnotes":""},"class_list":["post-6460","page","type-page","status-publish","hentry"],"yoast_head":"<!-- This site is optimized with the Yoast SEO plugin v27.2 - https:\/\/yoast.com\/product\/yoast-seo-wordpress\/ -->\n<title>- cielolaboral<\/title>\n<meta name=\"robots\" content=\"index, follow, max-snippet:-1, max-image-preview:large, max-video-preview:-1\" \/>\n<link rel=\"canonical\" href=\"https:\/\/www.cielolaboral.com\/fr\/industrial-phd\/6460-2\/\" \/>\n<meta property=\"og:locale\" content=\"fr_FR\" \/>\n<meta property=\"og:type\" content=\"article\" \/>\n<meta property=\"og:title\" content=\"- cielolaboral\" \/>\n<meta property=\"og:description\" content=\"[:es] CALL FOR PAPERS INTERNATIONAL CONFERENCE\u00a0 \u201cTECHNOLOGICAL INNOVATION AND THE FUTURE OF WORK: EMERGING ASPECTS WORLDWIDE\u201d\u00a0 (United Kingdom, France, Germany, Italy, Poland, Russia, Portugal and Spain)\u00a0 Santiago de Compostela, 5th and 6th April, 2018 This Conference is in honour ofRead more\" \/>\n<meta property=\"og:url\" content=\"https:\/\/www.cielolaboral.com\/fr\/industrial-phd\/6460-2\/\" \/>\n<meta property=\"og:site_name\" content=\"cielolaboral\" \/>\n<meta property=\"article:publisher\" content=\"https:\/\/www.facebook.com\/CIELO-Comunidad-para-la-Investigacin-y-el-Estudio-Laboral-y-Ocupacional-456411237893494\" \/>\n<meta property=\"og:image\" content=\"https:\/\/www.cielolaboral.com\/wp-content\/uploads\/2017\/09\/foto_jo_carby_hall.jpg\" \/>\n<meta name=\"twitter:card\" content=\"summary_large_image\" \/>\n<meta name=\"twitter:site\" content=\"@CIELOlaboral\" \/>\n<meta name=\"twitter:label1\" content=\"Dur\u00e9e de lecture estim\u00e9e\" \/>\n\t<meta name=\"twitter:data1\" content=\"3 minutes\" \/>\n<script type=\"application\/ld+json\" class=\"yoast-schema-graph\">{\"@context\":\"https:\/\/schema.org\",\"@graph\":[{\"@type\":\"WebPage\",\"@id\":\"https:\/\/www.cielolaboral.com\/fr\/industrial-phd\/6460-2\/\",\"url\":\"https:\/\/www.cielolaboral.com\/fr\/industrial-phd\/6460-2\/\",\"name\":\"- cielolaboral\",\"isPartOf\":{\"@id\":\"https:\/\/www.cielolaboral.com\/#website\"},\"primaryImageOfPage\":{\"@id\":\"https:\/\/www.cielolaboral.com\/fr\/industrial-phd\/6460-2\/#primaryimage\"},\"image\":{\"@id\":\"https:\/\/www.cielolaboral.com\/fr\/industrial-phd\/6460-2\/#primaryimage\"},\"thumbnailUrl\":\"https:\/\/www.cielolaboral.com\/wp-content\/uploads\/2017\/09\/foto_jo_carby_hall.jpg\",\"datePublished\":\"2017-09-22T07:51:54+00:00\",\"breadcrumb\":{\"@id\":\"https:\/\/www.cielolaboral.com\/fr\/industrial-phd\/6460-2\/#breadcrumb\"},\"inLanguage\":\"fr-FR\",\"potentialAction\":[{\"@type\":\"ReadAction\",\"target\":[\"https:\/\/www.cielolaboral.com\/fr\/industrial-phd\/6460-2\/\"]}]},{\"@type\":\"ImageObject\",\"inLanguage\":\"fr-FR\",\"@id\":\"https:\/\/www.cielolaboral.com\/fr\/industrial-phd\/6460-2\/#primaryimage\",\"url\":\"https:\/\/www.cielolaboral.com\/wp-content\/uploads\/2017\/09\/foto_jo_carby_hall.jpg\",\"contentUrl\":\"https:\/\/www.cielolaboral.com\/wp-content\/uploads\/2017\/09\/foto_jo_carby_hall.jpg\"},{\"@type\":\"BreadcrumbList\",\"@id\":\"https:\/\/www.cielolaboral.com\/fr\/industrial-phd\/6460-2\/#breadcrumb\",\"itemListElement\":[{\"@type\":\"ListItem\",\"position\":1,\"name\":\"Home\",\"item\":\"https:\/\/www.cielolaboral.com\/\"},{\"@type\":\"ListItem\",\"position\":2,\"name\":\"Industrial PhD\",\"item\":\"https:\/\/www.cielolaboral.com\/fr\/industrial-phd\/\"}]},{\"@type\":\"WebSite\",\"@id\":\"https:\/\/www.cielolaboral.com\/#website\",\"url\":\"https:\/\/www.cielolaboral.com\/\",\"name\":\"cielolaboral\",\"description\":\"\",\"publisher\":{\"@id\":\"https:\/\/www.cielolaboral.com\/#organization\"},\"potentialAction\":[{\"@type\":\"SearchAction\",\"target\":{\"@type\":\"EntryPoint\",\"urlTemplate\":\"https:\/\/www.cielolaboral.com\/?s={search_term_string}\"},\"query-input\":{\"@type\":\"PropertyValueSpecification\",\"valueRequired\":true,\"valueName\":\"search_term_string\"}}],\"inLanguage\":\"fr-FR\"},{\"@type\":\"Organization\",\"@id\":\"https:\/\/www.cielolaboral.com\/#organization\",\"name\":\"cielolaboral\",\"url\":\"https:\/\/www.cielolaboral.com\/\",\"logo\":{\"@type\":\"ImageObject\",\"inLanguage\":\"fr-FR\",\"@id\":\"https:\/\/www.cielolaboral.com\/#\/schema\/logo\/image\/\",\"url\":\"https:\/\/www.cielolaboral.com\/wp-content\/uploads\/2020\/09\/cropped-logo_CIELO_2.png\",\"contentUrl\":\"https:\/\/www.cielolaboral.com\/wp-content\/uploads\/2020\/09\/cropped-logo_CIELO_2.png\",\"width\":512,\"height\":512,\"caption\":\"cielolaboral\"},\"image\":{\"@id\":\"https:\/\/www.cielolaboral.com\/#\/schema\/logo\/image\/\"},\"sameAs\":[\"https:\/\/www.facebook.com\/CIELO-Comunidad-para-la-Investigacin-y-el-Estudio-Laboral-y-Ocupacional-456411237893494\",\"https:\/\/x.com\/CIELOlaboral\"]}]}<\/script>\n<!-- \/ Yoast SEO plugin. -->","yoast_head_json":{"title":"- cielolaboral","robots":{"index":"index","follow":"follow","max-snippet":"max-snippet:-1","max-image-preview":"max-image-preview:large","max-video-preview":"max-video-preview:-1"},"canonical":"https:\/\/www.cielolaboral.com\/fr\/industrial-phd\/6460-2\/","og_locale":"fr_FR","og_type":"article","og_title":"- cielolaboral","og_description":"[:es] CALL FOR PAPERS INTERNATIONAL CONFERENCE\u00a0 \u201cTECHNOLOGICAL INNOVATION AND THE FUTURE OF WORK: EMERGING ASPECTS WORLDWIDE\u201d\u00a0 (United Kingdom, France, Germany, Italy, Poland, Russia, Portugal and Spain)\u00a0 Santiago de Compostela, 5th and 6th April, 2018 This Conference is in honour ofRead more","og_url":"https:\/\/www.cielolaboral.com\/fr\/industrial-phd\/6460-2\/","og_site_name":"cielolaboral","article_publisher":"https:\/\/www.facebook.com\/CIELO-Comunidad-para-la-Investigacin-y-el-Estudio-Laboral-y-Ocupacional-456411237893494","og_image":[{"url":"https:\/\/www.cielolaboral.com\/wp-content\/uploads\/2017\/09\/foto_jo_carby_hall.jpg","type":"","width":"","height":""}],"twitter_card":"summary_large_image","twitter_site":"@CIELOlaboral","twitter_misc":{"Dur\u00e9e de lecture estim\u00e9e":"3 minutes"},"schema":{"@context":"https:\/\/schema.org","@graph":[{"@type":"WebPage","@id":"https:\/\/www.cielolaboral.com\/fr\/industrial-phd\/6460-2\/","url":"https:\/\/www.cielolaboral.com\/fr\/industrial-phd\/6460-2\/","name":"- cielolaboral","isPartOf":{"@id":"https:\/\/www.cielolaboral.com\/#website"},"primaryImageOfPage":{"@id":"https:\/\/www.cielolaboral.com\/fr\/industrial-phd\/6460-2\/#primaryimage"},"image":{"@id":"https:\/\/www.cielolaboral.com\/fr\/industrial-phd\/6460-2\/#primaryimage"},"thumbnailUrl":"https:\/\/www.cielolaboral.com\/wp-content\/uploads\/2017\/09\/foto_jo_carby_hall.jpg","datePublished":"2017-09-22T07:51:54+00:00","breadcrumb":{"@id":"https:\/\/www.cielolaboral.com\/fr\/industrial-phd\/6460-2\/#breadcrumb"},"inLanguage":"fr-FR","potentialAction":[{"@type":"ReadAction","target":["https:\/\/www.cielolaboral.com\/fr\/industrial-phd\/6460-2\/"]}]},{"@type":"ImageObject","inLanguage":"fr-FR","@id":"https:\/\/www.cielolaboral.com\/fr\/industrial-phd\/6460-2\/#primaryimage","url":"https:\/\/www.cielolaboral.com\/wp-content\/uploads\/2017\/09\/foto_jo_carby_hall.jpg","contentUrl":"https:\/\/www.cielolaboral.com\/wp-content\/uploads\/2017\/09\/foto_jo_carby_hall.jpg"},{"@type":"BreadcrumbList","@id":"https:\/\/www.cielolaboral.com\/fr\/industrial-phd\/6460-2\/#breadcrumb","itemListElement":[{"@type":"ListItem","position":1,"name":"Home","item":"https:\/\/www.cielolaboral.com\/"},{"@type":"ListItem","position":2,"name":"Industrial PhD","item":"https:\/\/www.cielolaboral.com\/fr\/industrial-phd\/"}]},{"@type":"WebSite","@id":"https:\/\/www.cielolaboral.com\/#website","url":"https:\/\/www.cielolaboral.com\/","name":"cielolaboral","description":"","publisher":{"@id":"https:\/\/www.cielolaboral.com\/#organization"},"potentialAction":[{"@type":"SearchAction","target":{"@type":"EntryPoint","urlTemplate":"https:\/\/www.cielolaboral.com\/?s={search_term_string}"},"query-input":{"@type":"PropertyValueSpecification","valueRequired":true,"valueName":"search_term_string"}}],"inLanguage":"fr-FR"},{"@type":"Organization","@id":"https:\/\/www.cielolaboral.com\/#organization","name":"cielolaboral","url":"https:\/\/www.cielolaboral.com\/","logo":{"@type":"ImageObject","inLanguage":"fr-FR","@id":"https:\/\/www.cielolaboral.com\/#\/schema\/logo\/image\/","url":"https:\/\/www.cielolaboral.com\/wp-content\/uploads\/2020\/09\/cropped-logo_CIELO_2.png","contentUrl":"https:\/\/www.cielolaboral.com\/wp-content\/uploads\/2020\/09\/cropped-logo_CIELO_2.png","width":512,"height":512,"caption":"cielolaboral"},"image":{"@id":"https:\/\/www.cielolaboral.com\/#\/schema\/logo\/image\/"},"sameAs":["https:\/\/www.facebook.com\/CIELO-Comunidad-para-la-Investigacin-y-el-Estudio-Laboral-y-Ocupacional-456411237893494","https:\/\/x.com\/CIELOlaboral"]}]}},"_links":{"self":[{"href":"https:\/\/www.cielolaboral.com\/fr\/wp-json\/wp\/v2\/pages\/6460","targetHints":{"allow":["GET"]}}],"collection":[{"href":"https:\/\/www.cielolaboral.com\/fr\/wp-json\/wp\/v2\/pages"}],"about":[{"href":"https:\/\/www.cielolaboral.com\/fr\/wp-json\/wp\/v2\/types\/page"}],"author":[{"embeddable":true,"href":"https:\/\/www.cielolaboral.com\/fr\/wp-json\/wp\/v2\/users\/16"}],"replies":[{"embeddable":true,"href":"https:\/\/www.cielolaboral.com\/fr\/wp-json\/wp\/v2\/comments?post=6460"}],"version-history":[{"count":0,"href":"https:\/\/www.cielolaboral.com\/fr\/wp-json\/wp\/v2\/pages\/6460\/revisions"}],"up":[{"embeddable":true,"href":"https:\/\/www.cielolaboral.com\/fr\/wp-json\/wp\/v2\/pages\/229"}],"wp:attachment":[{"href":"https:\/\/www.cielolaboral.com\/fr\/wp-json\/wp\/v2\/media?parent=6460"}],"curies":[{"name":"wp","href":"https:\/\/api.w.org\/{rel}","templated":true}]}}