{"id":5684,"date":"2016-11-21T09:37:14","date_gmt":"2016-11-21T09:37:14","guid":{"rendered":"http:\/\/www.cielolaboral.com\/?page_id=5684"},"modified":"2022-08-05T16:11:10","modified_gmt":"2022-08-05T14:11:10","slug":"actividades-en-las-que-cielo-laboral-participa-como-ente-colaborador","status":"publish","type":"page","link":"https:\/\/www.cielolaboral.com\/fr\/actividades-en-las-que-cielo-laboral-participa-como-ente-colaborador\/","title":{"rendered":"Actividades en las que CIELO LABORAL participa como Ente Colaborador"},"content":{"rendered":"<h1>\u00c9v\u00e9nements \u00e0 venir<\/h1>\n<div class=\"em em-view-container\" id=\"em-view-1214037441\" data-view=\"list\">\r\n\t<div class=\"em pixelbones em-list em-events-list\" id=\"em-events-list-1214037441\" data-view-id=\"1214037441\">\r\n\tNo Eventi\t<\/div>\r\n<\/div>\n<h1>\u00c9v\u00e9nements pass\u00e9s<\/h1>\n<table>\n<tbody>\n<tr>\n<th width=\"35%\">Fecha\/Lugar<\/th>\n<th>Eventos<\/th>\n<\/tr>\n<tr>\n<td>24 febrero 2022, online<\/td>\n<td><strong>Seminario \u201cRealidad virtual y mundo del trabajo\u201d<\/strong><\/p>\n<p><a href=\"https:\/\/www.cielolaboral.com\/fr\/eventos\/seminario-realidad-virtual-y-mundo-del-trabajo\/\">P\u00e1gina web<\/a><\/td>\n<\/tr>\n<tr>\n<td>24-26 noviembre 2021, B\u00e9rgamo (Italia)<\/td>\n<td><strong>Congreso internacional &#8220;El trabajo y su valor. Reflexiones interdisciplinares sobre un concepto en transformaci\u00f3n&#8221;<\/strong><\/p>\n<p><a href=\"http:\/\/internationalconference.adapt.it\/\">P\u00e1gina web<\/a><\/td>\n<\/tr>\n<tr>\n<td>28 junio 2021, C\u00e1diz (Espa\u00f1a)<\/td>\n<td><strong>Jornadas: \u201cLa protecci\u00f3n social y coordinaci\u00f3n de sistemas de Seguridad Social en la Uni\u00f3n Europea e Iberoam\u00e9rica: Los desaf\u00edos del Brexit y el Pilar Europeo de Derechos Sociales\u201d<\/strong><\/p>\n<p><a href=\"https:\/\/www.cielolaboral.com\/wp-content\/uploads\/2021\/06\/D%C3%ADptico-C%C3%A1diz.pdf\">Programa<\/a><\/td>\n<\/tr>\n<tr>\n<td>12-14 agosto 2020, online<\/td>\n<td><strong>X CONGRESSO (VIRTUAL) INTERNACIONAL DA ACADEMIA BRASILEIRA DE DIREITO DO TRABALHO<\/strong><\/p>\n<p><a href=\"https:\/\/cielolaboral.com\/wp-content\/uploads\/2020\/06\/Programa-Final.pdf\">Programa<\/a><\/td>\n<\/tr>\n<tr>\n<td>16 junio 2020, online<\/td>\n<td><strong>EL TELETRABAJO ANTE LA PANDEMIA DEL COVID-19: impacto legal en las personas trabajadoras asalariadas y aut\u00f3nomos.<\/strong><\/p>\n<p>Universidad de Santiago de Compostela, CIELO Laboral<\/p>\n<p><strong><a href=\"https:\/\/www.cielolaboral.com\/fr\/eventos\/el-teletrabajo-ante-la-pandemia-del-covid-19-impacto-legal-en-las-personas-trabajadoras-asalariadas-y-autonomos\/\">P\u00e1gina web<\/a>&nbsp;<\/strong><\/p>\n<p><strong><a href=\"http:\/\/tv.usc.es\/mmobj\/index\/id\/3924\">Video<\/a><\/strong><\/td>\n<\/tr>\n<tr>\n<td>13 mayo 2020, online<\/td>\n<td><span style=\"color: #333333;\"><b>La&nbsp;posici\u00f3n de la OIT ante los nuevos retos sociales y&nbsp;laborales tras la pandemia<\/b><\/span><\/p>\n<p>CIELO Laboral, Organizaci\u00f3n Internacional del Trabajo<\/p>\n<p><strong><a href=\"https:\/\/cielolaboral.com\/wp-content\/uploads\/2020\/05\/webinar_cielo_oit.pdf\">Cartel<\/a><\/strong><\/td>\n<\/tr>\n<tr>\n<td>6 mayo 2020, online<\/td>\n<td><strong>El papel de las nuevas tecnolog\u00edas durante y&nbsp;despu\u00e9s de la pandemia del coronavirus<\/strong><\/p>\n<p>CIELO Laboral, IPOJUR<\/p>\n<p><strong><a href=\"https:\/\/www.youtube.com\/watch?v=OS6Pi6Xjx5M\">Video<\/a><\/strong><\/td>\n<\/tr>\n<tr>\n<td>29 abril 2020, online<\/td>\n<td><strong>Panorama y perspectivas del Derecho del Trabajo frente a la pandemia del Coronavirus (Covid-19): Europa<\/strong><\/p>\n<p>CIELO Laboral, IPOJUR<\/p>\n<p><strong><a href=\"https:\/\/www.youtube.com\/watch?v=rQ6sAQ-jDgU\">Video<\/a><\/strong><\/td>\n<\/tr>\n<tr>\n<td>22 abril 2020, online<\/td>\n<td><strong>Panorama y perspectivas del Derecho del Trabajo frente a la pandemia del Coronavirus (Covid-19): Am\u00e9rica Latina<\/strong><\/p>\n<p>CIELO Laboral, IPOJUR<\/p>\n<p><strong><a href=\"https:\/\/www.youtube.com\/watch?v=IdKRzHiC0C4\">Video<\/a><\/strong><\/td>\n<\/tr>\n<tr>\n<td>25 octubre 2019, Burdeos (Francia)<\/td>\n<td><strong>Centenaire de la loi sur les maladies professionnelles : \u00e9volutions du droit fran\u00e7ais \u00e0 la lumi\u00e8re des droits \u00e9trangers<\/strong><\/p>\n<p>COMPTRASEC, Universit\u00e9 Bordeaux<\/td>\n<\/tr>\n<tr>\n<td>24 septiembre 2019, Par\u00eds (Francia)<\/td>\n<td><strong>L&#8217;impact des normes de l\u2019OIT sur la sc\u00e8ne internationale<\/strong><\/p>\n<p>Universit\u00e9 Paris 1. Panthe\u00f3n Sorbonne<\/p>\n<p><a href=\"https:\/\/www.cielolaboral.com\/fr\/seminario-oit-paris\/\">P\u00e1gina web Congreso<\/a><\/td>\n<\/tr>\n<tr>\n<td>19-20 septiembre 2019, Oporto (Portugal)<\/td>\n<td><b>Labour 2030. II International Congress. Porto 2019. Work Innovation. Are we ready?<\/b><br \/>\nAlfandega do Porto<br \/>\n<a href=\"https:\/\/www.labour2030.eu\">P\u00e1gina web Congreso<\/a><\/td>\n<\/tr>\n<tr>\n<td>21-23 agosto 2019, Bogot\u00e1 (Colombia)<\/td>\n<td><strong>I Congreso Internacional De Seguridad Social y El Mundo Del Trabajo y XIV Seminario Internacional Del Derecho Laboral y Seguridad Social<\/strong><\/p>\n<p>Universidad Libre de Colombia<\/p>\n<p><strong><a href=\"https:\/\/www.cielolaboral.com\/fr\/eventos\/i-congreso-internacional-de-seguridad-social-y-el-mundo-del-trabajo-y-xiv-seminario-internacional-del-derecho-laboral-y-seguridad-social\/\">P\u00e1gina web<\/a><\/strong><\/td>\n<\/tr>\n<tr>\n<td>9 abril 2019, S\u00e3o Paulo (Brasil)<\/td>\n<td><strong>Semin\u00e1rio. O sistema sindical brasileiro e a medida provis\u00f3ria n\u00ba 873, de 1\u00ba de mar\u00e7o de 2019: impactos e desdobramentos pr\u00e1ticos<\/strong><\/p>\n<p>Espa\u00e7o FIT Eventos, Rua Peixoto Gomide 282<\/p>\n<p><a href=\"https:\/\/ipojur.com.br\/class\/o-sistema-sindical-brasileiro-e-a-medida-provisoria-no-873-de-1o-de-marco-de-2019-impactos-e-desdobramentos-praticos\/?wcs_timestamp=1554796800\"><strong>P\u00e1gina web<\/strong><\/a><\/td>\n<\/tr>\n<tr>\n<td>14 marzo 2019, Poitiers (Francia)<\/td>\n<td><strong>Num\u00e9risation du travail : enjeux juridiques en sant\u00e9 et s\u00e9curit\u00e9 au travail<\/strong><\/p>\n<p>Facult\u00e9 de droit de Poitiers<\/p>\n<p><a href=\"https:\/\/orrpsa2019.sciencesconf.org\"><strong>P\u00e1gina web<\/strong><\/a><\/td>\n<\/tr>\n<tr>\n<td>7-8 febrero 2019, Sevilla (Espa\u00f1a)<\/td>\n<td><strong>Congreso Interuniversitario sobre el futuro del trabajo<\/strong><\/p>\n<p>Facultad de Ciencias del Trabajo Universidad de Sevilla, OIT<\/p>\n<p><strong><a href=\"https:\/\/gestioneventos.us.es\/24338\/detail\/congreso-interuniversitario-oit-sobre-el-futuro-del-trabajo.html\">P\u00e1gina web del Congreso<\/a><\/strong><\/td>\n<\/tr>\n<tr>\n<td>24 mayo 2018, Par\u00eds (Francia)<\/td>\n<td><strong>1er Colloque international droit et d\u00e9veloppement \u2013 CIDROIT. Les d\u00e9fis globaux pour le droit contemporain<\/strong><br \/>\nUniversit\u00e9 Paris 1 Panthe\u00f3n-Sorbonne (Francia)<strong><a href=\"https:\/\/www.cielolaboral.com\/wp-content\/uploads\/2018\/03\/FR1.jpg\">Cartel<\/a><\/strong><strong><a href=\"https:\/\/www.cielolaboral.com\/wp-content\/uploads\/2018\/03\/Programa-Cidroit-2018-Sorbonne-.pdf\">Programa<\/a><\/strong><\/td>\n<\/tr>\n<tr>\n<td>5-6 abril 2018, Santiago de Compostela (Espa\u00f1a)<\/td>\n<td><strong>Innovaci\u00f3n Tecnol\u00f3gica y futuro del trabajo: aspectos emergentes en el \u00e1mbito mundial<\/strong><br \/>\nUniversidad de Santiago de Compostela,&nbsp;Equipo de investigadores del proyecto MINECO (DER2016-75376-R) (Espa\u00f1a)<br \/>\n<a href=\"https:\/\/www.cielolaboral.com\/fr\/industrial-phd\/6460-2\/\">P\u00e1gina web Congreso<\/a><\/td>\n<\/tr>\n<tr>\n<td>11-13 octubre 2017, Buenos Aires (Argentina)<\/td>\n<td><b>9\u00ba Congreso Regional de las Am\u00e9ricas de la International Labour and Employment Relations Association (ILERA)<\/b><br \/>\nUniversidad Cat\u00f3lica Argentina, Auditorio San Agust\u00edn Buenos Aires (Argentina)<br \/>\n<a href=\"http:\/\/www.ileraamericas2017.org\/#!\/-home\/\">P\u00e1gina web Congreso<\/a><\/td>\n<\/tr>\n<tr>\n<td>6-7 octubre 2017, Oporto (Portugal)<\/td>\n<td><b>Sociedade de Permutas e Combina\u00e7\u00f5es: Problemas Jur\u00eddicos da Economia Colaborativa<\/b><br \/>\nFaculdade de Direito,Universidade do Porto<br \/>\n<a href=\"https:\/\/www.cielolaboral.com\/wp-content\/uploads\/2017\/06\/programaOutubro.pdf\">Programa<\/a><\/td>\n<\/tr>\n<tr>\n<td>13-14 julio 2017, Oporto (Portugal)<\/td>\n<td><b>LA 2017 \u2013 I International Congress \u2013 Labour 2030 \u2013 Rethinking the Future of Work<\/b><br \/>\nAlfandega do Porto<br \/>\n<a href=\"https:\/\/www.labour2030.eu\/#\">P\u00e1gina web Congreso<\/a><\/td>\n<\/tr>\n<tr>\n<td>12-15 julio 2017, Lisboa (Portugal)<\/td>\n<td><b>D\u00e9mocratie et Participation au XXIe si\u00e8cle<\/b><br \/>\nLisbon School of Economics &amp; Management (ISEG), Universidade de Lisboa,<br \/>\n<a href=\"http:\/\/pascal.iseg.utl.pt\/~socius\/eventos\/ISA-RC10\/call_for_papers.shtml\">P\u00e1gina web Congreso<\/a><\/td>\n<\/tr>\n<tr>\n<td>&nbsp;<\/p>\n<p>27-28 abril 2017, Santiago de Chile (Chile)<\/td>\n<td><b>Encuentro Latinoamericano de J\u00f3venes Juristas. Subsecci\u00f3n Americana de J\u00f3venes Juristas. Sociedad Internacional de Derecho del Trabajo y de la Seguridad Social<\/b><br \/>\nPontificia Universidad Cat\u00f3lica de Chile, Oficina OIT para Cono Sur de Am\u00e9rica Latina, Santiago de Chile<br \/>\n<a href=\"https:\/\/www.cielolaboral.com\/wp-content\/uploads\/2016\/10\/CONVOCATORIA-ENCUENTRO-LATINOAMERICANO-DE-J%C3%93VENES-JURISTAS.pdf\" target=\"_blank\" rel=\"noopener noreferrer\">Convocatoria<\/a><br \/>\nPara mayor informaci\u00f3n visitar la <a href=\"http:\/\/www.derecho-trabajo.cl\/\" target=\"_blank\" rel=\"noopener noreferrer\">p\u00e1gina web de la Sociedad Chilena de Derecho del Trabajo y de la Seguridad Social<\/a><a href=\"https:\/\/www.dropbox.com\/sh\/gnwdneleh5awuff\/AACvwqkdE3wmZDmSgLAmKTIna?dl=0\">Fotos Sesi\u00f3n especial CIELO Laboral&nbsp;<\/a><\/td>\n<\/tr>\n<tr>\n<td>11 noviembre 2016, Madrid (Espa\u00f1a)<\/td>\n<td><b>I Congreso AIAL \u201cDesafios y Tendencias en la Movilidad Internacional de Trabajadores\u201d<\/b><br \/>\nSal\u00f3n de actos del Ateneo de Madrid<br \/>\n<a href=\"http:\/\/www.aial.es\/primer-congreso-anual-2016\/\" target=\"_blank\" rel=\"noopener noreferrer\">Programa<\/a><\/td>\n<\/tr>\n<tr>\n<td>9 noviembre 2016, Oporto (Portugal)<\/td>\n<td><b>Confer\u00eancia &#8211; &#8221; Uberiza\u00e7\u00e3o do direito de trabalho&#8221;<\/b><br \/>\nCentro de Forma\u00e7\u00e3o do Conselho Regional do Porto, sito no Edif\u00edcio Mapfre \u00e0 Rua Gon\u00e7alo Crist\u00f3v\u00e3o, n\u00ba 347, r\/c, no Porto<br \/>\nPara mayor informaci\u00f3n visita la siguiente <a style=\"color: #0000ee;\" href=\"http:\/\/www.oa.pt\/cd\/Conteudos\/Artigos\/detalhe_artigo.aspx?sidc=31690&amp;idc=32046&amp;ida=150386\" target=\"_blank\" rel=\"noopener noreferrer\">p\u00e1gina web<\/a><\/td>\n<\/tr>\n<\/tbody>\n<\/table>","protected":false},"excerpt":{"rendered":"<p>Pr\u00f3ximos eventos Eventos pasados Fecha\/Lugar Eventos 24 febrero 2022, online Seminario \u201cRealidad virtual y mundo del trabajo\u201d P\u00e1gina web 24-26 noviembre 2021, B\u00e9rgamo (Italia) Congreso internacional &#8220;El trabajo y su valor. Reflexiones interdisciplinares sobre un concepto en transformaci\u00f3n&#8221; P\u00e1gina web<a class=\"more-link\" href=\"https:\/\/www.cielolaboral.com\/fr\/actividades-en-las-que-cielo-laboral-participa-como-ente-colaborador\/\" title=\"Actividades en las que CIELO LABORAL participa como Ente Colaborador\"><span>Read more<\/span><\/a><\/p>","protected":false},"author":16,"featured_media":0,"parent":0,"menu_order":0,"comment_status":"closed","ping_status":"closed","template":"","meta":{"footnotes":""},"class_list":["post-5684","page","type-page","status-publish","hentry"],"yoast_head":"<!-- This site is optimized with the Yoast SEO plugin v27.2 - https:\/\/yoast.com\/product\/yoast-seo-wordpress\/ -->\n<title>Actividades en las que CIELO LABORAL participa como Ente Colaborador - cielolaboral<\/title>\n<meta name=\"robots\" content=\"index, follow, max-snippet:-1, max-image-preview:large, max-video-preview:-1\" \/>\n<link rel=\"canonical\" href=\"https:\/\/www.cielolaboral.com\/fr\/actividades-en-las-que-cielo-laboral-participa-como-ente-colaborador\/\" \/>\n<meta property=\"og:locale\" content=\"fr_FR\" \/>\n<meta property=\"og:type\" content=\"article\" \/>\n<meta property=\"og:title\" content=\"Actividades en las que CIELO LABORAL participa como Ente Colaborador - cielolaboral\" \/>\n<meta property=\"og:description\" content=\"Pr\u00f3ximos eventos Eventos pasados Fecha\/Lugar Eventos 24 febrero 2022, online Seminario \u201cRealidad virtual y mundo del trabajo\u201d P\u00e1gina web 24-26 noviembre 2021, B\u00e9rgamo (Italia) Congreso internacional &#8220;El trabajo y su valor. Reflexiones interdisciplinares sobre un concepto en transformaci\u00f3n&#8221; P\u00e1gina webRead more\" \/>\n<meta property=\"og:url\" content=\"https:\/\/www.cielolaboral.com\/fr\/actividades-en-las-que-cielo-laboral-participa-como-ente-colaborador\/\" \/>\n<meta property=\"og:site_name\" content=\"cielolaboral\" \/>\n<meta property=\"article:publisher\" content=\"https:\/\/www.facebook.com\/CIELO-Comunidad-para-la-Investigacin-y-el-Estudio-Laboral-y-Ocupacional-456411237893494\" \/>\n<meta property=\"article:modified_time\" content=\"2022-08-05T14:11:10+00:00\" \/>\n<meta name=\"twitter:card\" content=\"summary_large_image\" \/>\n<meta name=\"twitter:site\" content=\"@CIELOlaboral\" \/>\n<meta name=\"twitter:label1\" content=\"Dur\u00e9e de lecture estim\u00e9e\" \/>\n\t<meta name=\"twitter:data1\" content=\"4 minutes\" \/>\n<script type=\"application\/ld+json\" class=\"yoast-schema-graph\">{\"@context\":\"https:\/\/schema.org\",\"@graph\":[{\"@type\":\"WebPage\",\"@id\":\"https:\/\/www.cielolaboral.com\/fr\/actividades-en-las-que-cielo-laboral-participa-como-ente-colaborador\/\",\"url\":\"https:\/\/www.cielolaboral.com\/fr\/actividades-en-las-que-cielo-laboral-participa-como-ente-colaborador\/\",\"name\":\"Actividades en las que CIELO LABORAL participa como Ente Colaborador - cielolaboral\",\"isPartOf\":{\"@id\":\"https:\/\/www.cielolaboral.com\/#website\"},\"datePublished\":\"2016-11-21T09:37:14+00:00\",\"dateModified\":\"2022-08-05T14:11:10+00:00\",\"breadcrumb\":{\"@id\":\"https:\/\/www.cielolaboral.com\/fr\/actividades-en-las-que-cielo-laboral-participa-como-ente-colaborador\/#breadcrumb\"},\"inLanguage\":\"fr-FR\",\"potentialAction\":[{\"@type\":\"ReadAction\",\"target\":[\"https:\/\/www.cielolaboral.com\/fr\/actividades-en-las-que-cielo-laboral-participa-como-ente-colaborador\/\"]}]},{\"@type\":\"BreadcrumbList\",\"@id\":\"https:\/\/www.cielolaboral.com\/fr\/actividades-en-las-que-cielo-laboral-participa-como-ente-colaborador\/#breadcrumb\",\"itemListElement\":[{\"@type\":\"ListItem\",\"position\":1,\"name\":\"Home\",\"item\":\"https:\/\/www.cielolaboral.com\/\"},{\"@type\":\"ListItem\",\"position\":2,\"name\":\"Actividades en las que CIELO LABORAL participa como Ente Colaborador\"}]},{\"@type\":\"WebSite\",\"@id\":\"https:\/\/www.cielolaboral.com\/#website\",\"url\":\"https:\/\/www.cielolaboral.com\/\",\"name\":\"cielolaboral\",\"description\":\"\",\"publisher\":{\"@id\":\"https:\/\/www.cielolaboral.com\/#organization\"},\"potentialAction\":[{\"@type\":\"SearchAction\",\"target\":{\"@type\":\"EntryPoint\",\"urlTemplate\":\"https:\/\/www.cielolaboral.com\/?s={search_term_string}\"},\"query-input\":{\"@type\":\"PropertyValueSpecification\",\"valueRequired\":true,\"valueName\":\"search_term_string\"}}],\"inLanguage\":\"fr-FR\"},{\"@type\":\"Organization\",\"@id\":\"https:\/\/www.cielolaboral.com\/#organization\",\"name\":\"cielolaboral\",\"url\":\"https:\/\/www.cielolaboral.com\/\",\"logo\":{\"@type\":\"ImageObject\",\"inLanguage\":\"fr-FR\",\"@id\":\"https:\/\/www.cielolaboral.com\/#\/schema\/logo\/image\/\",\"url\":\"https:\/\/www.cielolaboral.com\/wp-content\/uploads\/2020\/09\/cropped-logo_CIELO_2.png\",\"contentUrl\":\"https:\/\/www.cielolaboral.com\/wp-content\/uploads\/2020\/09\/cropped-logo_CIELO_2.png\",\"width\":512,\"height\":512,\"caption\":\"cielolaboral\"},\"image\":{\"@id\":\"https:\/\/www.cielolaboral.com\/#\/schema\/logo\/image\/\"},\"sameAs\":[\"https:\/\/www.facebook.com\/CIELO-Comunidad-para-la-Investigacin-y-el-Estudio-Laboral-y-Ocupacional-456411237893494\",\"https:\/\/x.com\/CIELOlaboral\"]}]}<\/script>\n<!-- \/ Yoast SEO plugin. -->","yoast_head_json":{"title":"Actividades en las que CIELO LABORAL participa como Ente Colaborador - cielolaboral","robots":{"index":"index","follow":"follow","max-snippet":"max-snippet:-1","max-image-preview":"max-image-preview:large","max-video-preview":"max-video-preview:-1"},"canonical":"https:\/\/www.cielolaboral.com\/fr\/actividades-en-las-que-cielo-laboral-participa-como-ente-colaborador\/","og_locale":"fr_FR","og_type":"article","og_title":"Actividades en las que CIELO LABORAL participa como Ente Colaborador - cielolaboral","og_description":"Pr\u00f3ximos eventos Eventos pasados Fecha\/Lugar Eventos 24 febrero 2022, online Seminario \u201cRealidad virtual y mundo del trabajo\u201d P\u00e1gina web 24-26 noviembre 2021, B\u00e9rgamo (Italia) Congreso internacional &#8220;El trabajo y su valor. Reflexiones interdisciplinares sobre un concepto en transformaci\u00f3n&#8221; P\u00e1gina webRead more","og_url":"https:\/\/www.cielolaboral.com\/fr\/actividades-en-las-que-cielo-laboral-participa-como-ente-colaborador\/","og_site_name":"cielolaboral","article_publisher":"https:\/\/www.facebook.com\/CIELO-Comunidad-para-la-Investigacin-y-el-Estudio-Laboral-y-Ocupacional-456411237893494","article_modified_time":"2022-08-05T14:11:10+00:00","twitter_card":"summary_large_image","twitter_site":"@CIELOlaboral","twitter_misc":{"Dur\u00e9e de lecture estim\u00e9e":"4 minutes"},"schema":{"@context":"https:\/\/schema.org","@graph":[{"@type":"WebPage","@id":"https:\/\/www.cielolaboral.com\/fr\/actividades-en-las-que-cielo-laboral-participa-como-ente-colaborador\/","url":"https:\/\/www.cielolaboral.com\/fr\/actividades-en-las-que-cielo-laboral-participa-como-ente-colaborador\/","name":"Actividades en las que CIELO LABORAL participa como Ente Colaborador - cielolaboral","isPartOf":{"@id":"https:\/\/www.cielolaboral.com\/#website"},"datePublished":"2016-11-21T09:37:14+00:00","dateModified":"2022-08-05T14:11:10+00:00","breadcrumb":{"@id":"https:\/\/www.cielolaboral.com\/fr\/actividades-en-las-que-cielo-laboral-participa-como-ente-colaborador\/#breadcrumb"},"inLanguage":"fr-FR","potentialAction":[{"@type":"ReadAction","target":["https:\/\/www.cielolaboral.com\/fr\/actividades-en-las-que-cielo-laboral-participa-como-ente-colaborador\/"]}]},{"@type":"BreadcrumbList","@id":"https:\/\/www.cielolaboral.com\/fr\/actividades-en-las-que-cielo-laboral-participa-como-ente-colaborador\/#breadcrumb","itemListElement":[{"@type":"ListItem","position":1,"name":"Home","item":"https:\/\/www.cielolaboral.com\/"},{"@type":"ListItem","position":2,"name":"Actividades en las que CIELO LABORAL participa como Ente Colaborador"}]},{"@type":"WebSite","@id":"https:\/\/www.cielolaboral.com\/#website","url":"https:\/\/www.cielolaboral.com\/","name":"cielolaboral","description":"","publisher":{"@id":"https:\/\/www.cielolaboral.com\/#organization"},"potentialAction":[{"@type":"SearchAction","target":{"@type":"EntryPoint","urlTemplate":"https:\/\/www.cielolaboral.com\/?s={search_term_string}"},"query-input":{"@type":"PropertyValueSpecification","valueRequired":true,"valueName":"search_term_string"}}],"inLanguage":"fr-FR"},{"@type":"Organization","@id":"https:\/\/www.cielolaboral.com\/#organization","name":"cielolaboral","url":"https:\/\/www.cielolaboral.com\/","logo":{"@type":"ImageObject","inLanguage":"fr-FR","@id":"https:\/\/www.cielolaboral.com\/#\/schema\/logo\/image\/","url":"https:\/\/www.cielolaboral.com\/wp-content\/uploads\/2020\/09\/cropped-logo_CIELO_2.png","contentUrl":"https:\/\/www.cielolaboral.com\/wp-content\/uploads\/2020\/09\/cropped-logo_CIELO_2.png","width":512,"height":512,"caption":"cielolaboral"},"image":{"@id":"https:\/\/www.cielolaboral.com\/#\/schema\/logo\/image\/"},"sameAs":["https:\/\/www.facebook.com\/CIELO-Comunidad-para-la-Investigacin-y-el-Estudio-Laboral-y-Ocupacional-456411237893494","https:\/\/x.com\/CIELOlaboral"]}]}},"_links":{"self":[{"href":"https:\/\/www.cielolaboral.com\/fr\/wp-json\/wp\/v2\/pages\/5684","targetHints":{"allow":["GET"]}}],"collection":[{"href":"https:\/\/www.cielolaboral.com\/fr\/wp-json\/wp\/v2\/pages"}],"about":[{"href":"https:\/\/www.cielolaboral.com\/fr\/wp-json\/wp\/v2\/types\/page"}],"author":[{"embeddable":true,"href":"https:\/\/www.cielolaboral.com\/fr\/wp-json\/wp\/v2\/users\/16"}],"replies":[{"embeddable":true,"href":"https:\/\/www.cielolaboral.com\/fr\/wp-json\/wp\/v2\/comments?post=5684"}],"version-history":[{"count":1,"href":"https:\/\/www.cielolaboral.com\/fr\/wp-json\/wp\/v2\/pages\/5684\/revisions"}],"predecessor-version":[{"id":12002,"href":"https:\/\/www.cielolaboral.com\/fr\/wp-json\/wp\/v2\/pages\/5684\/revisions\/12002"}],"wp:attachment":[{"href":"https:\/\/www.cielolaboral.com\/fr\/wp-json\/wp\/v2\/media?parent=5684"}],"curies":[{"name":"wp","href":"https:\/\/api.w.org\/{rel}","templated":true}]}}