{"id":3731,"date":"2015-12-17T11:21:34","date_gmt":"2015-12-17T11:21:34","guid":{"rendered":"http:\/\/www.cielolaboral.com\/?page_id=3731"},"modified":"2026-04-09T14:05:18","modified_gmt":"2026-04-09T12:05:18","slug":"asociaciones","status":"publish","type":"page","link":"https:\/\/www.cielolaboral.com\/fr\/asociaciones\/","title":{"rendered":"ASSOCIATIONS"},"content":{"rendered":"<table style=\"width: 700px; height: 197px;\">\n<tbody>\n<tr>\n<th style=\"text-align: center; height: 150px; width: 150px; vertical-align: middle;\" rowspan=\"4\"><img decoding=\"async\" src=\"https:\/\/www.cielolaboral.com\/wp-content\/uploads\/2015\/09\/ADAPT.png\" alt=\"\" \/><\/th>\n<td style=\"font-size: medium; text-align: justify;\"><strong>ADAPT &#8211; Associazione per gli studi internazionali e comparati sul diritto del lavoro e sulle relazioni industriali<\/strong><\/td>\n<td style=\"text-align: center; height: 50px; width: 50px; vertical-align: middle;\" rowspan=\"4\"><a href=\"http:\/\/www.adapt.it\/\" target=\"blank\" rel=\"noopener noreferrer\"><img decoding=\"async\" class=\"\" src=\"https:\/\/www.cielolaboral.com\/wp-content\/uploads\/2022\/08\/Insert-hyperlink.png\" alt=\"\" width=\"35\" height=\"35\" \/><strong>P\u00c1GINA WEB<\/strong>\u00a0<\/a><\/td>\n<\/tr>\n<tr>\n<td>CONTACTO: Lavinia Serrani<\/td>\n<\/tr>\n<tr>\n<td>MAIL: lavinia.serrani@adapt.it<\/td>\n<\/tr>\n<\/tbody>\n<\/table>\n<table style=\"width: 700px; height: 197px;\">\n<tbody>\n<tr>\n<th style=\"text-align: center; height: 150px; width: 150px; vertical-align: middle;\" rowspan=\"4\"><img decoding=\"async\" class=\"\" src=\"https:\/\/www.cielolaboral.com\/wp-content\/uploads\/2026\/04\/aatsp_logo.png\" width=\"123\" height=\"123\" \/><\/th>\n<td style=\"font-size: medium; text-align: justify;\">\n<p id=\"_pJLXaZEhhaSR1Q-65ZCpBw_120\" class=\"LC20lb MBeuO DKV0Md\"><strong>AATSP \u2013 Associa\u00e7\u00e3o dos Advogados Trabalhistas S\u00e3o Paulo<\/strong><\/p>\n<\/td>\n<td style=\"text-align: center; height: 50px; width: 50px; vertical-align: middle;\" rowspan=\"4\"><a href=\"https:\/\/aatsp.com.br\/\" target=\"blank\" rel=\"noopener noreferrer\"><img decoding=\"async\" class=\"\" src=\"https:\/\/www.cielolaboral.com\/wp-content\/uploads\/2022\/08\/Insert-hyperlink.png\" alt=\"\" width=\"35\" height=\"35\" \/><strong>P\u00c1GINA WEB<\/strong>\u00a0<\/a><\/td>\n<\/tr>\n<tr>\n<td>CONTACTO: Isabel Cristina de Medeiros Tormes<\/td>\n<\/tr>\n<tr>\n<td>MAIL: contato@aatsp.com.br<\/td>\n<\/tr>\n<\/tbody>\n<\/table>\n<table style=\"width: 700px; height: 197px;\">\n<tbody>\n<tr>\n<th style=\"text-align: center; height: 150px; width: 150px; vertical-align: middle;\" rowspan=\"4\"><img decoding=\"async\" src=\"https:\/\/www.cielolaboral.com\/wp-content\/uploads\/2026\/01\/Captura-de-pantalla-2026-01-14-185127.png\" \/><\/th>\n<td style=\"font-size: medium; text-align: justify;\"><strong>Academia Iberoamericana de Derecho del Trabajo y de la Seguridad Social<\/strong><\/td>\n<td style=\"text-align: center; height: 50px; width: 50px; vertical-align: middle;\" rowspan=\"4\"><a href=\"https:\/\/aiadtss.org\/\" target=\"blank\" rel=\"noopener noreferrer\"><img decoding=\"async\" class=\"\" src=\"https:\/\/www.cielolaboral.com\/wp-content\/uploads\/2022\/08\/Insert-hyperlink.png\" alt=\"\" width=\"35\" height=\"35\" \/><strong>P\u00c1GINA WEB<\/strong>\u00a0<\/a><\/td>\n<\/tr>\n<tr>\n<td>CONTACTO: Francisco Tapia Guerreros<\/td>\n<\/tr>\n<tr>\n<td>MAIL: franciscotapiaguerrero@gmail.com<\/td>\n<\/tr>\n<\/tbody>\n<\/table>\n<table style=\"width: 700px; height: 194px;\">\n<tbody>\n<tr>\n<th style=\"text-align: center; height: 150px; width: 150px; vertical-align: middle;\" rowspan=\"4\"><a href=\"https:\/\/cielolaboral.com\/wp-content\/uploads\/2021\/06\/logo-academia-brasileira.png\"><img decoding=\"async\" class=\"alignnone wp-image-11161 size-full\" src=\"https:\/\/cielolaboral.com\/wp-content\/uploads\/2021\/06\/logo-academia-brasileira.png\" alt=\"\" width=\"389\" height=\"100\" srcset=\"https:\/\/www.cielolaboral.com\/wp-content\/uploads\/2021\/06\/logo-academia-brasileira.png 389w, https:\/\/www.cielolaboral.com\/wp-content\/uploads\/2021\/06\/logo-academia-brasileira-300x77.png 300w\" sizes=\"(max-width: 389px) 100vw, 389px\" \/><\/a><\/th>\n<td style=\"font-size: medium; text-align: justify;\"><strong>Academia Brasileira de Direito do Trabalho<\/strong><\/td>\n<td style=\"text-align: center; height: 50px; width: 50px; vertical-align: middle;\" rowspan=\"4\"><a href=\"http:\/\/www.andt.org.br\/\" target=\"blank\" rel=\"noopener noreferrer\"><img decoding=\"async\" class=\"\" src=\"https:\/\/www.cielolaboral.com\/wp-content\/uploads\/2022\/08\/Insert-hyperlink.png\" alt=\"\" width=\"35\" height=\"35\" \/><strong>P\u00c1GINA WEB<\/strong> <\/a><\/td>\n<\/tr>\n<tr>\n<td>CONTACTO: Thereza Nahas<\/td>\n<\/tr>\n<tr>\n<td>MAIL: tnahas70@gmail.com<\/td>\n<\/tr>\n<\/tbody>\n<\/table>\n<table style=\"width: 700px; height: 194px;\">\n<tbody>\n<tr>\n<th style=\"text-align: center; height: 150px; width: 150px; vertical-align: middle;\" rowspan=\"4\"><a href=\"https:\/\/cielolaboral.com\/wp-content\/uploads\/2021\/10\/APDT.png\"><img loading=\"lazy\" decoding=\"async\" class=\"alignnone wp-image-11372\" src=\"https:\/\/cielolaboral.com\/wp-content\/uploads\/2021\/10\/APDT.png\" alt=\"\" width=\"107\" height=\"107\" srcset=\"https:\/\/www.cielolaboral.com\/wp-content\/uploads\/2021\/10\/APDT.png 224w, https:\/\/www.cielolaboral.com\/wp-content\/uploads\/2021\/10\/APDT-150x150.png 150w\" sizes=\"(max-width: 107px) 100vw, 107px\" \/><\/a><\/th>\n<td style=\"font-size: medium; text-align: justify;\"><strong>Academia Paulista de Direito do Trabalho<\/strong><\/td>\n<td style=\"text-align: center; height: 50px; width: 50px; vertical-align: middle;\" rowspan=\"4\"><a href=\"https:\/\/www.apdt.com.br\/\" target=\"blank\" rel=\"noopener noreferrer\"><img decoding=\"async\" class=\"\" src=\"https:\/\/www.cielolaboral.com\/wp-content\/uploads\/2022\/08\/Insert-hyperlink.png\" alt=\"\" width=\"35\" height=\"35\" \/><strong>P\u00c1GINA WEB<\/strong> <\/a><\/td>\n<\/tr>\n<tr>\n<td>CONTACTO: Antonio Carlos Aguiar<\/td>\n<\/tr>\n<tr>\n<td>MAIL: ntonio.aguiar@apdt.com.br<\/td>\n<\/tr>\n<\/tbody>\n<\/table>\n<table style=\"width: 700px; height: 194px;\">\n<tbody>\n<tr>\n<th style=\"text-align: center; height: 150px; width: 150px; vertical-align: middle;\" rowspan=\"4\"><img decoding=\"async\" src=\"https:\/\/www.cielolaboral.com\/wp-content\/uploads\/2016\/04\/AEL-Logo-2014final.jpg\" alt=\"\" \/><\/th>\n<td style=\"font-size: medium; text-align: justify;\"><strong>Associa\u00e7\u00e3o de Estudos Laborais<\/strong><\/td>\n<td style=\"text-align: center; height: 50px; width: 50px; vertical-align: middle;\" rowspan=\"4\"><a href=\"http:\/\/associacaoestudoslaborais.blogspot.com.es\/\" target=\"blank\" rel=\"noopener noreferrer\"><img decoding=\"async\" class=\"\" src=\"https:\/\/www.cielolaboral.com\/wp-content\/uploads\/2022\/08\/Insert-hyperlink.png\" alt=\"\" width=\"35\" height=\"35\" \/><strong>P\u00c1GINA WEB<\/strong> <\/a><\/td>\n<\/tr>\n<tr>\n<td>CONTACTO: Francisco Liberal Fernandes<\/td>\n<\/tr>\n<tr>\n<td>MAIL: questoeslaborais.direccao@gmail.com<\/td>\n<\/tr>\n<\/tbody>\n<\/table>\n<table style=\"width: 700px; height: 157px;\">\n<tbody>\n<tr>\n<th style=\"text-align: center; height: 150px; width: 150px; vertical-align: middle;\" rowspan=\"4\"><img decoding=\"async\" src=\"https:\/\/www.cielolaboral.com\/wp-content\/uploads\/2015\/11\/AJJ.png\" alt=\"\" \/><\/th>\n<td style=\"font-size: medium;\"><strong>AJJ &#8211; Associa\u00e7\u00e3o de Jovens Juslaboralistas<\/strong><\/td>\n<td style=\"text-align: center; height: 50px; width: 50px; vertical-align: middle;\" rowspan=\"4\"><a href=\"https:\/\/www.ajj.pt\" target=\"blank\" rel=\"noopener noreferrer\"><img decoding=\"async\" class=\"\" src=\"https:\/\/www.cielolaboral.com\/wp-content\/uploads\/2022\/08\/Insert-hyperlink.png\" alt=\"\" width=\"35\" height=\"35\" \/><strong>P\u00c1GINA WEB<\/strong>\u00a0<\/a><\/td>\n<\/tr>\n<tr>\n<td>CONTACTO: Duarte Abrunhosa e Sousa<\/td>\n<\/tr>\n<tr>\n<td>MAIL: geral@ajj.pt<\/td>\n<\/tr>\n<\/tbody>\n<\/table>\n<table style=\"width: 700px; height: 165px;\">\n<tbody>\n<tr>\n<th style=\"text-align: center; height: 150px; width: 150px; vertical-align: middle;\" rowspan=\"4\"><a href=\"https:\/\/www.cielolaboral.com\/wp-content\/uploads\/2015\/12\/Logo-AIAL-Esp.jpg\"><img loading=\"lazy\" decoding=\"async\" class=\"alignnone size-medium wp-image-5793\" src=\"https:\/\/www.cielolaboral.com\/wp-content\/uploads\/2015\/12\/Logo-AIAL-Esp-300x191.jpg\" alt=\"globearound\" width=\"300\" height=\"191\" srcset=\"https:\/\/www.cielolaboral.com\/wp-content\/uploads\/2015\/12\/Logo-AIAL-Esp-300x191.jpg 300w, https:\/\/www.cielolaboral.com\/wp-content\/uploads\/2015\/12\/Logo-AIAL-Esp-1024x650.jpg 1024w, https:\/\/www.cielolaboral.com\/wp-content\/uploads\/2015\/12\/Logo-AIAL-Esp-768x488.jpg 768w, https:\/\/www.cielolaboral.com\/wp-content\/uploads\/2015\/12\/Logo-AIAL-Esp-1536x976.jpg 1536w, https:\/\/www.cielolaboral.com\/wp-content\/uploads\/2015\/12\/Logo-AIAL-Esp-2048x1301.jpg 2048w\" sizes=\"(max-width: 300px) 100vw, 300px\" \/><\/a><\/th>\n<td style=\"font-size: medium;\"><strong>AIAL &#8211; Asociaci\u00f3n de Expertos en Movilidad Internacional<\/strong><\/td>\n<td style=\"text-align: center; height: 50px; width: 50px; vertical-align: middle;\" rowspan=\"4\"><a href=\"http:\/\/www.aial.es\/\" target=\"blank\" rel=\"noopener noreferrer\"><img decoding=\"async\" class=\"\" src=\"https:\/\/www.cielolaboral.com\/wp-content\/uploads\/2022\/08\/Insert-hyperlink.png\" alt=\"\" width=\"35\" height=\"35\" \/><strong>P\u00c1GINA WEB<\/strong>\u00a0<\/a><\/td>\n<\/tr>\n<tr>\n<td>CONTACTO: Antonio Cebri\u00e1n Carrillo<\/td>\n<\/tr>\n<tr>\n<td>MAIL: secretaria@aial.es<\/td>\n<\/tr>\n<\/tbody>\n<\/table>\n<table style=\"width: 700px; height: 167px;\">\n<tbody>\n<tr>\n<th style=\"text-align: center; height: 150px; width: 150px; vertical-align: middle;\" rowspan=\"4\"><img decoding=\"async\" src=\"https:\/\/www.cielolaboral.com\/wp-content\/uploads\/2015\/09\/ilera.png\" alt=\"\" \/><\/th>\n<td style=\"font-size: medium; text-align: justify;\"><strong>The International Labour and Employment Relations Association (ILERA)<\/strong><\/td>\n<td style=\"text-align: center; height: 50px; width: 50px; vertical-align: middle;\" rowspan=\"4\"><a href=\"http:\/\/www.ilo.org\/public\/english\/iira\/\" target=\"blank\" rel=\"noopener noreferrer\"><img decoding=\"async\" class=\"\" src=\"https:\/\/www.cielolaboral.com\/wp-content\/uploads\/2022\/08\/Insert-hyperlink.png\" alt=\"\" width=\"35\" height=\"35\" \/><strong>P\u00c1GINA WEB<\/strong>\u00a0<\/a><\/td>\n<\/tr>\n<tr>\n<td>CONTACTO:<\/td>\n<\/tr>\n<tr>\n<td>MAIL: ilera@ilo.org<\/td>\n<\/tr>\n<\/tbody>\n<\/table>\n<table style=\"width: 700px; height: 202px;\">\n<tbody>\n<tr>\n<th style=\"text-align: center; height: 150px; width: 150px; vertical-align: middle;\" rowspan=\"4\"><img decoding=\"async\" src=\"https:\/\/www.cielolaboral.com\/wp-content\/uploads\/2016\/03\/aeca.png\" alt=\"\" \/><\/th>\n<td style=\"font-size: medium; text-align: justify;\"><strong>Asociaci\u00f3n Espa\u00f1ola de Contabilidad y Administraci\u00f3n de Empresas (AECA)<\/strong><\/td>\n<td style=\"text-align: center; height: 50px; width: 50px; vertical-align: middle;\" rowspan=\"4\"><a href=\"http:\/\/aeca.es\/\" target=\"blank\" rel=\"noopener noreferrer\"><img decoding=\"async\" class=\"\" src=\"https:\/\/www.cielolaboral.com\/wp-content\/uploads\/2022\/08\/Insert-hyperlink.png\" alt=\"\" width=\"35\" height=\"35\" \/><strong>P\u00c1GINA WEB<\/strong>\u00a0<\/a><\/td>\n<\/tr>\n<tr>\n<td>CONTACTO: Jos\u00e9 Luis Lizcano \u00c1lvarez<\/td>\n<\/tr>\n<tr>\n<td>MAIL: info@aeca.es<\/td>\n<\/tr>\n<\/tbody>\n<\/table>\n<p>&nbsp;<\/p>\n<table style=\"width: 700px; height: 202px;\">\n<tbody>\n<tr>\n<th style=\"text-align: center; height: 150px; width: 150px; vertical-align: middle;\" rowspan=\"4\"><img decoding=\"async\" src=\"https:\/\/www.cielolaboral.com\/wp-content\/uploads\/2016\/06\/seccion-chilena-jovenes-laboralistas.jpg\" alt=\"\" \/><\/th>\n<td style=\"font-size: medium; text-align: justify;\"><strong>Secci\u00f3n Chilena de J\u00f3venes Juristas<\/strong><\/td>\n<td style=\"text-align: center; height: 50px; width: 50px; vertical-align: middle;\" rowspan=\"4\"><a href=\"http:\/\/derecho-trabajo.cl\/jovenes-juristas\" target=\"blank\" rel=\"noopener noreferrer\"><img decoding=\"async\" class=\"\" src=\"https:\/\/www.cielolaboral.com\/wp-content\/uploads\/2022\/08\/Insert-hyperlink.png\" alt=\"\" width=\"35\" height=\"35\" \/><strong>P\u00c1GINA WEB<\/strong> <\/a><\/td>\n<\/tr>\n<tr>\n<td>CONTACTO:Jos\u00e9 Francisco Castro Castro<\/td>\n<\/tr>\n<tr>\n<td>MAIL: josfrancisco.castro@gmail.com<\/td>\n<\/tr>\n<\/tbody>\n<\/table>\n<table style=\"width: 700px; height: 202px;\">\n<tbody>\n<tr>\n<th style=\"text-align: center; height: 150px; width: 150px; vertical-align: middle;\" rowspan=\"4\"><img decoding=\"async\" src=\"https:\/\/www.cielolaboral.com\/wp-content\/uploads\/2017\/12\/logo_usuaria.png\" alt=\"\" \/><\/th>\n<td style=\"font-size: medium; text-align: justify;\"><span style=\"color: #333333;\"><b>USUARIA. Asociaci\u00f3n Argentina de Usuarios de la Inform\u00e1tica y las Comunicaciones<\/b><\/span><\/td>\n<td style=\"text-align: center; height: 50px; width: 50px; vertical-align: middle;\" rowspan=\"4\"><a href=\"https:\/\/usuaria.org.ar\" target=\"blank\" rel=\"noopener noreferrer\"><img decoding=\"async\" class=\"\" src=\"https:\/\/www.cielolaboral.com\/wp-content\/uploads\/2022\/08\/Insert-hyperlink.png\" alt=\"\" width=\"35\" height=\"35\" \/><strong>P\u00c1GINA WEB<\/strong> <\/a><\/td>\n<\/tr>\n<tr>\n<td>CONTACTO: Viviana Laura D\u00edaz<\/td>\n<\/tr>\n<tr>\n<td>MAIL: viviana@usuaria.org.ar<\/td>\n<\/tr>\n<\/tbody>\n<\/table>\n<table style=\"width: 700px; height: 202px;\">\n<tbody>\n<tr>\n<th style=\"text-align: center; height: 150px; width: 150px; vertical-align: middle;\" rowspan=\"4\"><img decoding=\"async\" src=\"https:\/\/cielolaboral.com\/wp-content\/uploads\/2020\/04\/logo_ASRPM.png\" alt=\"\" \/><\/th>\n<td style=\"font-size: medium; text-align: justify;\"><span style=\"color: #333333;\"><b>The Association for the Study of Professional Employment Relations (ASRPM)<\/b><\/span><\/td>\n<td style=\"text-align: center; height: 50px; width: 50px; vertical-align: middle;\" rowspan=\"4\"><a href=\"http:\/\/asrpm.ro\/\" target=\"blank\" rel=\"noopener noreferrer\"><img decoding=\"async\" class=\"\" src=\"https:\/\/www.cielolaboral.com\/wp-content\/uploads\/2022\/08\/Insert-hyperlink.png\" alt=\"\" width=\"35\" height=\"35\" \/><strong>P\u00c1GINA WEB<\/strong> <\/a><\/td>\n<\/tr>\n<tr>\n<td>CONTACTO: Dan Top<\/td>\n<\/tr>\n<tr>\n<td>MAIL: top.dan@gmail.com<\/td>\n<\/tr>\n<\/tbody>\n<\/table>","protected":false},"excerpt":{"rendered":"<p>ADAPT &#8211; Associazione per gli studi internazionali e comparati sul diritto del lavoro e sulle relazioni industriali P\u00c1GINA WEB\u00a0 CONTACTO: Lavinia Serrani MAIL: lavinia.serrani@adapt.it AATSP \u2013 Associa\u00e7\u00e3o dos Advogados Trabalhistas S\u00e3o Paulo P\u00c1GINA WEB\u00a0 CONTACTO: Isabel Cristina de Medeiros Tormes<a class=\"more-link\" href=\"https:\/\/www.cielolaboral.com\/fr\/asociaciones\/\" title=\"ASSOCIATIONS\"><span>Read more<\/span><\/a><\/p>","protected":false},"author":16,"featured_media":0,"parent":0,"menu_order":0,"comment_status":"closed","ping_status":"closed","template":"","meta":{"footnotes":""},"class_list":["post-3731","page","type-page","status-publish","hentry"],"yoast_head":"<!-- This site is optimized with the Yoast SEO plugin v27.2 - https:\/\/yoast.com\/product\/yoast-seo-wordpress\/ -->\n<title>ASOCIACIONES - cielolaboral<\/title>\n<meta name=\"robots\" content=\"index, follow, max-snippet:-1, max-image-preview:large, max-video-preview:-1\" \/>\n<link rel=\"canonical\" href=\"https:\/\/www.cielolaboral.com\/fr\/asociaciones\/\" \/>\n<meta property=\"og:locale\" content=\"fr_FR\" \/>\n<meta property=\"og:type\" content=\"article\" \/>\n<meta property=\"og:title\" content=\"ASOCIACIONES - cielolaboral\" \/>\n<meta property=\"og:description\" content=\"ADAPT &#8211; Associazione per gli studi internazionali e comparati sul diritto del lavoro e sulle relazioni industriali P\u00c1GINA WEB\u00a0 CONTACTO: Lavinia Serrani MAIL: lavinia.serrani@adapt.it AATSP \u2013 Associa\u00e7\u00e3o dos Advogados Trabalhistas S\u00e3o Paulo P\u00c1GINA WEB\u00a0 CONTACTO: Isabel Cristina de Medeiros TormesRead more\" \/>\n<meta property=\"og:url\" content=\"https:\/\/www.cielolaboral.com\/fr\/asociaciones\/\" \/>\n<meta property=\"og:site_name\" content=\"cielolaboral\" \/>\n<meta property=\"article:publisher\" content=\"https:\/\/www.facebook.com\/CIELO-Comunidad-para-la-Investigacin-y-el-Estudio-Laboral-y-Ocupacional-456411237893494\" \/>\n<meta property=\"article:modified_time\" content=\"2026-04-09T12:05:18+00:00\" \/>\n<meta property=\"og:image\" content=\"https:\/\/www.cielolaboral.com\/wp-content\/uploads\/2015\/09\/ADAPT.png\" \/>\n<meta name=\"twitter:card\" content=\"summary_large_image\" \/>\n<meta name=\"twitter:site\" content=\"@CIELOlaboral\" \/>\n<meta name=\"twitter:label1\" content=\"Dur\u00e9e de lecture estim\u00e9e\" \/>\n\t<meta name=\"twitter:data1\" content=\"7 minutes\" \/>\n<script type=\"application\/ld+json\" class=\"yoast-schema-graph\">{\"@context\":\"https:\/\/schema.org\",\"@graph\":[{\"@type\":\"WebPage\",\"@id\":\"https:\/\/www.cielolaboral.com\/asociaciones\/\",\"url\":\"https:\/\/www.cielolaboral.com\/asociaciones\/\",\"name\":\"ASOCIACIONES - cielolaboral\",\"isPartOf\":{\"@id\":\"https:\/\/www.cielolaboral.com\/#website\"},\"primaryImageOfPage\":{\"@id\":\"https:\/\/www.cielolaboral.com\/asociaciones\/#primaryimage\"},\"image\":{\"@id\":\"https:\/\/www.cielolaboral.com\/asociaciones\/#primaryimage\"},\"thumbnailUrl\":\"https:\/\/www.cielolaboral.com\/wp-content\/uploads\/2015\/09\/ADAPT.png\",\"datePublished\":\"2015-12-17T11:21:34+00:00\",\"dateModified\":\"2026-04-09T12:05:18+00:00\",\"breadcrumb\":{\"@id\":\"https:\/\/www.cielolaboral.com\/asociaciones\/#breadcrumb\"},\"inLanguage\":\"fr-FR\",\"potentialAction\":[{\"@type\":\"ReadAction\",\"target\":[\"https:\/\/www.cielolaboral.com\/asociaciones\/\"]}]},{\"@type\":\"ImageObject\",\"inLanguage\":\"fr-FR\",\"@id\":\"https:\/\/www.cielolaboral.com\/asociaciones\/#primaryimage\",\"url\":\"https:\/\/www.cielolaboral.com\/wp-content\/uploads\/2015\/09\/ADAPT.png\",\"contentUrl\":\"https:\/\/www.cielolaboral.com\/wp-content\/uploads\/2015\/09\/ADAPT.png\"},{\"@type\":\"BreadcrumbList\",\"@id\":\"https:\/\/www.cielolaboral.com\/asociaciones\/#breadcrumb\",\"itemListElement\":[{\"@type\":\"ListItem\",\"position\":1,\"name\":\"Home\",\"item\":\"https:\/\/www.cielolaboral.com\/\"},{\"@type\":\"ListItem\",\"position\":2,\"name\":\"ASOCIACIONES\"}]},{\"@type\":\"WebSite\",\"@id\":\"https:\/\/www.cielolaboral.com\/#website\",\"url\":\"https:\/\/www.cielolaboral.com\/\",\"name\":\"cielolaboral\",\"description\":\"\",\"publisher\":{\"@id\":\"https:\/\/www.cielolaboral.com\/#organization\"},\"potentialAction\":[{\"@type\":\"SearchAction\",\"target\":{\"@type\":\"EntryPoint\",\"urlTemplate\":\"https:\/\/www.cielolaboral.com\/?s={search_term_string}\"},\"query-input\":{\"@type\":\"PropertyValueSpecification\",\"valueRequired\":true,\"valueName\":\"search_term_string\"}}],\"inLanguage\":\"fr-FR\"},{\"@type\":\"Organization\",\"@id\":\"https:\/\/www.cielolaboral.com\/#organization\",\"name\":\"cielolaboral\",\"url\":\"https:\/\/www.cielolaboral.com\/\",\"logo\":{\"@type\":\"ImageObject\",\"inLanguage\":\"fr-FR\",\"@id\":\"https:\/\/www.cielolaboral.com\/#\/schema\/logo\/image\/\",\"url\":\"https:\/\/www.cielolaboral.com\/wp-content\/uploads\/2020\/09\/cropped-logo_CIELO_2.png\",\"contentUrl\":\"https:\/\/www.cielolaboral.com\/wp-content\/uploads\/2020\/09\/cropped-logo_CIELO_2.png\",\"width\":512,\"height\":512,\"caption\":\"cielolaboral\"},\"image\":{\"@id\":\"https:\/\/www.cielolaboral.com\/#\/schema\/logo\/image\/\"},\"sameAs\":[\"https:\/\/www.facebook.com\/CIELO-Comunidad-para-la-Investigacin-y-el-Estudio-Laboral-y-Ocupacional-456411237893494\",\"https:\/\/x.com\/CIELOlaboral\"]}]}<\/script>\n<!-- \/ Yoast SEO plugin. -->","yoast_head_json":{"title":"ASOCIACIONES - cielolaboral","robots":{"index":"index","follow":"follow","max-snippet":"max-snippet:-1","max-image-preview":"max-image-preview:large","max-video-preview":"max-video-preview:-1"},"canonical":"https:\/\/www.cielolaboral.com\/fr\/asociaciones\/","og_locale":"fr_FR","og_type":"article","og_title":"ASOCIACIONES - cielolaboral","og_description":"ADAPT &#8211; Associazione per gli studi internazionali e comparati sul diritto del lavoro e sulle relazioni industriali P\u00c1GINA WEB\u00a0 CONTACTO: Lavinia Serrani MAIL: lavinia.serrani@adapt.it AATSP \u2013 Associa\u00e7\u00e3o dos Advogados Trabalhistas S\u00e3o Paulo P\u00c1GINA WEB\u00a0 CONTACTO: Isabel Cristina de Medeiros TormesRead more","og_url":"https:\/\/www.cielolaboral.com\/fr\/asociaciones\/","og_site_name":"cielolaboral","article_publisher":"https:\/\/www.facebook.com\/CIELO-Comunidad-para-la-Investigacin-y-el-Estudio-Laboral-y-Ocupacional-456411237893494","article_modified_time":"2026-04-09T12:05:18+00:00","og_image":[{"url":"https:\/\/www.cielolaboral.com\/wp-content\/uploads\/2015\/09\/ADAPT.png","type":"","width":"","height":""}],"twitter_card":"summary_large_image","twitter_site":"@CIELOlaboral","twitter_misc":{"Dur\u00e9e de lecture estim\u00e9e":"7 minutes"},"schema":{"@context":"https:\/\/schema.org","@graph":[{"@type":"WebPage","@id":"https:\/\/www.cielolaboral.com\/asociaciones\/","url":"https:\/\/www.cielolaboral.com\/asociaciones\/","name":"ASOCIACIONES - cielolaboral","isPartOf":{"@id":"https:\/\/www.cielolaboral.com\/#website"},"primaryImageOfPage":{"@id":"https:\/\/www.cielolaboral.com\/asociaciones\/#primaryimage"},"image":{"@id":"https:\/\/www.cielolaboral.com\/asociaciones\/#primaryimage"},"thumbnailUrl":"https:\/\/www.cielolaboral.com\/wp-content\/uploads\/2015\/09\/ADAPT.png","datePublished":"2015-12-17T11:21:34+00:00","dateModified":"2026-04-09T12:05:18+00:00","breadcrumb":{"@id":"https:\/\/www.cielolaboral.com\/asociaciones\/#breadcrumb"},"inLanguage":"fr-FR","potentialAction":[{"@type":"ReadAction","target":["https:\/\/www.cielolaboral.com\/asociaciones\/"]}]},{"@type":"ImageObject","inLanguage":"fr-FR","@id":"https:\/\/www.cielolaboral.com\/asociaciones\/#primaryimage","url":"https:\/\/www.cielolaboral.com\/wp-content\/uploads\/2015\/09\/ADAPT.png","contentUrl":"https:\/\/www.cielolaboral.com\/wp-content\/uploads\/2015\/09\/ADAPT.png"},{"@type":"BreadcrumbList","@id":"https:\/\/www.cielolaboral.com\/asociaciones\/#breadcrumb","itemListElement":[{"@type":"ListItem","position":1,"name":"Home","item":"https:\/\/www.cielolaboral.com\/"},{"@type":"ListItem","position":2,"name":"ASOCIACIONES"}]},{"@type":"WebSite","@id":"https:\/\/www.cielolaboral.com\/#website","url":"https:\/\/www.cielolaboral.com\/","name":"cielolaboral","description":"","publisher":{"@id":"https:\/\/www.cielolaboral.com\/#organization"},"potentialAction":[{"@type":"SearchAction","target":{"@type":"EntryPoint","urlTemplate":"https:\/\/www.cielolaboral.com\/?s={search_term_string}"},"query-input":{"@type":"PropertyValueSpecification","valueRequired":true,"valueName":"search_term_string"}}],"inLanguage":"fr-FR"},{"@type":"Organization","@id":"https:\/\/www.cielolaboral.com\/#organization","name":"cielolaboral","url":"https:\/\/www.cielolaboral.com\/","logo":{"@type":"ImageObject","inLanguage":"fr-FR","@id":"https:\/\/www.cielolaboral.com\/#\/schema\/logo\/image\/","url":"https:\/\/www.cielolaboral.com\/wp-content\/uploads\/2020\/09\/cropped-logo_CIELO_2.png","contentUrl":"https:\/\/www.cielolaboral.com\/wp-content\/uploads\/2020\/09\/cropped-logo_CIELO_2.png","width":512,"height":512,"caption":"cielolaboral"},"image":{"@id":"https:\/\/www.cielolaboral.com\/#\/schema\/logo\/image\/"},"sameAs":["https:\/\/www.facebook.com\/CIELO-Comunidad-para-la-Investigacin-y-el-Estudio-Laboral-y-Ocupacional-456411237893494","https:\/\/x.com\/CIELOlaboral"]}]}},"_links":{"self":[{"href":"https:\/\/www.cielolaboral.com\/fr\/wp-json\/wp\/v2\/pages\/3731","targetHints":{"allow":["GET"]}}],"collection":[{"href":"https:\/\/www.cielolaboral.com\/fr\/wp-json\/wp\/v2\/pages"}],"about":[{"href":"https:\/\/www.cielolaboral.com\/fr\/wp-json\/wp\/v2\/types\/page"}],"author":[{"embeddable":true,"href":"https:\/\/www.cielolaboral.com\/fr\/wp-json\/wp\/v2\/users\/16"}],"replies":[{"embeddable":true,"href":"https:\/\/www.cielolaboral.com\/fr\/wp-json\/wp\/v2\/comments?post=3731"}],"version-history":[{"count":15,"href":"https:\/\/www.cielolaboral.com\/fr\/wp-json\/wp\/v2\/pages\/3731\/revisions"}],"predecessor-version":[{"id":14593,"href":"https:\/\/www.cielolaboral.com\/fr\/wp-json\/wp\/v2\/pages\/3731\/revisions\/14593"}],"wp:attachment":[{"href":"https:\/\/www.cielolaboral.com\/fr\/wp-json\/wp\/v2\/media?parent=3731"}],"curies":[{"name":"wp","href":"https:\/\/api.w.org\/{rel}","templated":true}]}}