{"id":2,"date":"2022-05-31T10:16:12","date_gmt":"2022-05-31T08:16:12","guid":{"rendered":"https:\/\/cielo.adapt.it\/?page_id=2"},"modified":"2026-04-17T12:59:03","modified_gmt":"2026-04-17T10:59:03","slug":"pagina-di-esempio","status":"publish","type":"page","link":"https:\/\/www.cielolaboral.com\/fr\/","title":{"rendered":"Home"},"content":{"rendered":"<p>&nbsp;<\/p>\n<p><a href=\"https:\/\/www.cielolaboral.com\/fr\/6o-congreso-mundial-cielo-laboral-santodomingo\/\"><img fetchpriority=\"high\" decoding=\"async\" class=\"alignnone wp-image-14595\" src=\"https:\/\/www.cielolaboral.com\/wp-content\/uploads\/2026\/04\/6to-CONGRESO-MUNDIAL-CIELO-LABORAL.-logos-2-212x300.jpg\" alt=\"\" width=\"704\" height=\"996\" srcset=\"https:\/\/www.cielolaboral.com\/wp-content\/uploads\/2026\/04\/6to-CONGRESO-MUNDIAL-CIELO-LABORAL.-logos-2-212x300.jpg 212w, https:\/\/www.cielolaboral.com\/wp-content\/uploads\/2026\/04\/6to-CONGRESO-MUNDIAL-CIELO-LABORAL.-logos-2-724x1024.jpg 724w, https:\/\/www.cielolaboral.com\/wp-content\/uploads\/2026\/04\/6to-CONGRESO-MUNDIAL-CIELO-LABORAL.-logos-2-768x1086.jpg 768w, https:\/\/www.cielolaboral.com\/wp-content\/uploads\/2026\/04\/6to-CONGRESO-MUNDIAL-CIELO-LABORAL.-logos-2-1086x1536.jpg 1086w, https:\/\/www.cielolaboral.com\/wp-content\/uploads\/2026\/04\/6to-CONGRESO-MUNDIAL-CIELO-LABORAL.-logos-2-1448x2048.jpg 1448w, https:\/\/www.cielolaboral.com\/wp-content\/uploads\/2026\/04\/6to-CONGRESO-MUNDIAL-CIELO-LABORAL.-logos-2-8x12.jpg 8w, https:\/\/www.cielolaboral.com\/wp-content\/uploads\/2026\/04\/6to-CONGRESO-MUNDIAL-CIELO-LABORAL.-logos-2-scaled.jpg 1810w\" sizes=\"(max-width: 704px) 100vw, 704px\" \/><\/a><\/p>\n<p>&nbsp;<\/p>\n<p><img decoding=\"async\" class=\"alignnone wp-image-12408 size-large\" src=\"https:\/\/www.cielolaboral.com\/wp-content\/uploads\/2025\/04\/Screenshot-2025-04-02-alle-16.16.08.png\" alt=\"\" width=\"710\" height=\"704\" \/><\/p>\n<h3 class=\"widget-title\">Dernier num\u00e9ro de la newsletter CIELO Laboral!<\/h3>\n<div style=\"display: flex; align-items: center; justify-content: center;\"><iframe style=\"display: block; margin-bottom: 17px; width: 96%; height: 700px;\" src=\"https:\/\/a8b1b7.mailupclient.com\/frontend\/LandingPage.aspx?idList=3&amp;idLP=84&amp;guid=0271D654-BFB0-44DC-8827-786658C8777C\">Nouveautes!<br \/>\n<\/iframe><\/div>\n<p><strong>CIELO Laboral a sign\u00e9 trois nouveaux accords de collaboration:<\/strong><\/p>\n<ul>\n<li><strong>Avec l'Acad\u00e9mie br\u00e9silienne de droit du travail (juin 2021) <a href=\"https:\/\/aatsp.com.br\/\"><em>AATSP \u2013 Associa\u00e7\u00e3o dos Advogados Trabalhistas S\u00e3o Paulo<\/em><\/a><em>\u00a0<\/em>(abril 2026)<\/strong><\/li>\n<li><strong>Con <a href=\"https:\/\/www.adapt.it\/\"><em>ADAPT <\/em><\/a>(marzo 2026)<\/strong><\/li>\n<li><strong>Avec l'Instituto Direito do Trabalho de la Facult\u00e9 de droit de l'Universit\u00e9 de Lisbonne (juin 2021) <em><a href=\"https:\/\/aiadtss.org\/\">Academia Iberoamericana de Derecho del Trabajo y de la Seguridad Social<\/a><\/em> (enero 2026)<\/strong><\/li>\n<\/ul>\n<h3 class=\"widget-title\"><a href=\"https:\/\/www.cielolaboral.com\/fr\/actividades-en-las-que-cielo-laboral-participa-como-ente-colaborador\/\">Activit\u00e9s auxquelles CIELO Laboral participe en tant qu'Entit\u00e9 Collaboratrice ou Co-organisateur<\/a><\/h3>\n<p>&nbsp;<\/p>\n<p>&nbsp;<\/p>","protected":false},"excerpt":{"rendered":"<p>&nbsp; &nbsp; \u00a1\u00daltimo n\u00famero del bolet\u00edn CIELO Laboral! \u00a1Novedades! CIELO Laboral ha firmado tres nuevos convenios de colaboraci\u00f3n: Con la AATSP \u2013 Associa\u00e7\u00e3o dos Advogados Trabalhistas S\u00e3o Paulo\u00a0(abril 2026) Con ADAPT (marzo 2026) Con el Academia Iberoamericana de Derecho del<a class=\"more-link\" href=\"https:\/\/www.cielolaboral.com\/fr\/\" title=\"Home\"><span>Read more<\/span><\/a><\/p>","protected":false},"author":16,"featured_media":0,"parent":0,"menu_order":0,"comment_status":"closed","ping_status":"closed","template":"","meta":{"footnotes":""},"class_list":["post-2","page","type-page","status-publish","hentry"],"yoast_head":"<!-- This site is optimized with the Yoast SEO plugin v27.2 - https:\/\/yoast.com\/product\/yoast-seo-wordpress\/ -->\n<title>Home - cielolaboral<\/title>\n<meta name=\"robots\" content=\"index, follow, max-snippet:-1, max-image-preview:large, max-video-preview:-1\" \/>\n<link rel=\"canonical\" href=\"https:\/\/www.cielolaboral.com\/fr\/\" \/>\n<meta property=\"og:locale\" content=\"fr_FR\" \/>\n<meta property=\"og:type\" content=\"article\" \/>\n<meta property=\"og:title\" content=\"Home - cielolaboral\" \/>\n<meta property=\"og:description\" content=\"&nbsp; &nbsp; \u00a1\u00daltimo n\u00famero del bolet\u00edn CIELO Laboral! \u00a1Novedades! CIELO Laboral ha firmado tres nuevos convenios de colaboraci\u00f3n: Con la AATSP \u2013 Associa\u00e7\u00e3o dos Advogados Trabalhistas S\u00e3o Paulo\u00a0(abril 2026) Con ADAPT (marzo 2026) Con el Academia Iberoamericana de Derecho delRead more\" \/>\n<meta property=\"og:url\" content=\"https:\/\/www.cielolaboral.com\/fr\/\" \/>\n<meta property=\"og:site_name\" content=\"cielolaboral\" \/>\n<meta property=\"article:publisher\" content=\"https:\/\/www.facebook.com\/CIELO-Comunidad-para-la-Investigacin-y-el-Estudio-Laboral-y-Ocupacional-456411237893494\" \/>\n<meta property=\"article:modified_time\" content=\"2026-04-17T10:59:03+00:00\" \/>\n<meta property=\"og:image\" content=\"https:\/\/www.cielolaboral.com\/wp-content\/uploads\/2026\/04\/6to-CONGRESO-MUNDIAL-CIELO-LABORAL.-logos-2-scaled.jpg\" \/>\n\t<meta property=\"og:image:width\" content=\"1810\" \/>\n\t<meta property=\"og:image:height\" content=\"2560\" \/>\n\t<meta property=\"og:image:type\" content=\"image\/jpeg\" \/>\n<meta name=\"twitter:card\" content=\"summary_large_image\" \/>\n<meta name=\"twitter:site\" content=\"@CIELOlaboral\" \/>\n<meta name=\"twitter:label1\" content=\"Dur\u00e9e de lecture estim\u00e9e\" \/>\n\t<meta name=\"twitter:data1\" content=\"1 minute\" \/>\n<script type=\"application\/ld+json\" class=\"yoast-schema-graph\">{\"@context\":\"https:\/\/schema.org\",\"@graph\":[{\"@type\":\"WebPage\",\"@id\":\"https:\/\/www.cielolaboral.com\/\",\"url\":\"https:\/\/www.cielolaboral.com\/\",\"name\":\"Home - cielolaboral\",\"isPartOf\":{\"@id\":\"https:\/\/www.cielolaboral.com\/#website\"},\"primaryImageOfPage\":{\"@id\":\"https:\/\/www.cielolaboral.com\/#primaryimage\"},\"image\":{\"@id\":\"https:\/\/www.cielolaboral.com\/#primaryimage\"},\"thumbnailUrl\":\"https:\/\/www.cielolaboral.com\/wp-content\/uploads\/2026\/04\/6to-CONGRESO-MUNDIAL-CIELO-LABORAL.-logos-2-212x300.jpg\",\"datePublished\":\"2022-05-31T08:16:12+00:00\",\"dateModified\":\"2026-04-17T10:59:03+00:00\",\"breadcrumb\":{\"@id\":\"https:\/\/www.cielolaboral.com\/#breadcrumb\"},\"inLanguage\":\"fr-FR\",\"potentialAction\":[{\"@type\":\"ReadAction\",\"target\":[\"https:\/\/www.cielolaboral.com\/\"]}]},{\"@type\":\"ImageObject\",\"inLanguage\":\"fr-FR\",\"@id\":\"https:\/\/www.cielolaboral.com\/#primaryimage\",\"url\":\"https:\/\/www.cielolaboral.com\/wp-content\/uploads\/2026\/04\/6to-CONGRESO-MUNDIAL-CIELO-LABORAL.-logos-2-212x300.jpg\",\"contentUrl\":\"https:\/\/www.cielolaboral.com\/wp-content\/uploads\/2026\/04\/6to-CONGRESO-MUNDIAL-CIELO-LABORAL.-logos-2-212x300.jpg\"},{\"@type\":\"BreadcrumbList\",\"@id\":\"https:\/\/www.cielolaboral.com\/#breadcrumb\",\"itemListElement\":[{\"@type\":\"ListItem\",\"position\":1,\"name\":\"Home\",\"item\":\"https:\/\/www.cielolaboral.com\/\"},{\"@type\":\"ListItem\",\"position\":2,\"name\":\"Home\"}]},{\"@type\":\"WebSite\",\"@id\":\"https:\/\/www.cielolaboral.com\/#website\",\"url\":\"https:\/\/www.cielolaboral.com\/\",\"name\":\"cielolaboral\",\"description\":\"\",\"publisher\":{\"@id\":\"https:\/\/www.cielolaboral.com\/#organization\"},\"potentialAction\":[{\"@type\":\"SearchAction\",\"target\":{\"@type\":\"EntryPoint\",\"urlTemplate\":\"https:\/\/www.cielolaboral.com\/?s={search_term_string}\"},\"query-input\":{\"@type\":\"PropertyValueSpecification\",\"valueRequired\":true,\"valueName\":\"search_term_string\"}}],\"inLanguage\":\"fr-FR\"},{\"@type\":\"Organization\",\"@id\":\"https:\/\/www.cielolaboral.com\/#organization\",\"name\":\"cielolaboral\",\"url\":\"https:\/\/www.cielolaboral.com\/\",\"logo\":{\"@type\":\"ImageObject\",\"inLanguage\":\"fr-FR\",\"@id\":\"https:\/\/www.cielolaboral.com\/#\/schema\/logo\/image\/\",\"url\":\"https:\/\/www.cielolaboral.com\/wp-content\/uploads\/2020\/09\/cropped-logo_CIELO_2.png\",\"contentUrl\":\"https:\/\/www.cielolaboral.com\/wp-content\/uploads\/2020\/09\/cropped-logo_CIELO_2.png\",\"width\":512,\"height\":512,\"caption\":\"cielolaboral\"},\"image\":{\"@id\":\"https:\/\/www.cielolaboral.com\/#\/schema\/logo\/image\/\"},\"sameAs\":[\"https:\/\/www.facebook.com\/CIELO-Comunidad-para-la-Investigacin-y-el-Estudio-Laboral-y-Ocupacional-456411237893494\",\"https:\/\/x.com\/CIELOlaboral\"]}]}<\/script>\n<!-- \/ Yoast SEO plugin. -->","yoast_head_json":{"title":"Home - cielolaboral","robots":{"index":"index","follow":"follow","max-snippet":"max-snippet:-1","max-image-preview":"max-image-preview:large","max-video-preview":"max-video-preview:-1"},"canonical":"https:\/\/www.cielolaboral.com\/fr\/","og_locale":"fr_FR","og_type":"article","og_title":"Home - cielolaboral","og_description":"&nbsp; &nbsp; \u00a1\u00daltimo n\u00famero del bolet\u00edn CIELO Laboral! \u00a1Novedades! CIELO Laboral ha firmado tres nuevos convenios de colaboraci\u00f3n: Con la AATSP \u2013 Associa\u00e7\u00e3o dos Advogados Trabalhistas S\u00e3o Paulo\u00a0(abril 2026) Con ADAPT (marzo 2026) Con el Academia Iberoamericana de Derecho delRead more","og_url":"https:\/\/www.cielolaboral.com\/fr\/","og_site_name":"cielolaboral","article_publisher":"https:\/\/www.facebook.com\/CIELO-Comunidad-para-la-Investigacin-y-el-Estudio-Laboral-y-Ocupacional-456411237893494","article_modified_time":"2026-04-17T10:59:03+00:00","og_image":[{"width":1810,"height":2560,"url":"https:\/\/www.cielolaboral.com\/wp-content\/uploads\/2026\/04\/6to-CONGRESO-MUNDIAL-CIELO-LABORAL.-logos-2-scaled.jpg","type":"image\/jpeg"}],"twitter_card":"summary_large_image","twitter_site":"@CIELOlaboral","twitter_misc":{"Dur\u00e9e de lecture estim\u00e9e":"1 minute"},"schema":{"@context":"https:\/\/schema.org","@graph":[{"@type":"WebPage","@id":"https:\/\/www.cielolaboral.com\/","url":"https:\/\/www.cielolaboral.com\/","name":"Home - cielolaboral","isPartOf":{"@id":"https:\/\/www.cielolaboral.com\/#website"},"primaryImageOfPage":{"@id":"https:\/\/www.cielolaboral.com\/#primaryimage"},"image":{"@id":"https:\/\/www.cielolaboral.com\/#primaryimage"},"thumbnailUrl":"https:\/\/www.cielolaboral.com\/wp-content\/uploads\/2026\/04\/6to-CONGRESO-MUNDIAL-CIELO-LABORAL.-logos-2-212x300.jpg","datePublished":"2022-05-31T08:16:12+00:00","dateModified":"2026-04-17T10:59:03+00:00","breadcrumb":{"@id":"https:\/\/www.cielolaboral.com\/#breadcrumb"},"inLanguage":"fr-FR","potentialAction":[{"@type":"ReadAction","target":["https:\/\/www.cielolaboral.com\/"]}]},{"@type":"ImageObject","inLanguage":"fr-FR","@id":"https:\/\/www.cielolaboral.com\/#primaryimage","url":"https:\/\/www.cielolaboral.com\/wp-content\/uploads\/2026\/04\/6to-CONGRESO-MUNDIAL-CIELO-LABORAL.-logos-2-212x300.jpg","contentUrl":"https:\/\/www.cielolaboral.com\/wp-content\/uploads\/2026\/04\/6to-CONGRESO-MUNDIAL-CIELO-LABORAL.-logos-2-212x300.jpg"},{"@type":"BreadcrumbList","@id":"https:\/\/www.cielolaboral.com\/#breadcrumb","itemListElement":[{"@type":"ListItem","position":1,"name":"Home","item":"https:\/\/www.cielolaboral.com\/"},{"@type":"ListItem","position":2,"name":"Home"}]},{"@type":"WebSite","@id":"https:\/\/www.cielolaboral.com\/#website","url":"https:\/\/www.cielolaboral.com\/","name":"cielolaboral","description":"","publisher":{"@id":"https:\/\/www.cielolaboral.com\/#organization"},"potentialAction":[{"@type":"SearchAction","target":{"@type":"EntryPoint","urlTemplate":"https:\/\/www.cielolaboral.com\/?s={search_term_string}"},"query-input":{"@type":"PropertyValueSpecification","valueRequired":true,"valueName":"search_term_string"}}],"inLanguage":"fr-FR"},{"@type":"Organization","@id":"https:\/\/www.cielolaboral.com\/#organization","name":"cielolaboral","url":"https:\/\/www.cielolaboral.com\/","logo":{"@type":"ImageObject","inLanguage":"fr-FR","@id":"https:\/\/www.cielolaboral.com\/#\/schema\/logo\/image\/","url":"https:\/\/www.cielolaboral.com\/wp-content\/uploads\/2020\/09\/cropped-logo_CIELO_2.png","contentUrl":"https:\/\/www.cielolaboral.com\/wp-content\/uploads\/2020\/09\/cropped-logo_CIELO_2.png","width":512,"height":512,"caption":"cielolaboral"},"image":{"@id":"https:\/\/www.cielolaboral.com\/#\/schema\/logo\/image\/"},"sameAs":["https:\/\/www.facebook.com\/CIELO-Comunidad-para-la-Investigacin-y-el-Estudio-Laboral-y-Ocupacional-456411237893494","https:\/\/x.com\/CIELOlaboral"]}]}},"_links":{"self":[{"href":"https:\/\/www.cielolaboral.com\/fr\/wp-json\/wp\/v2\/pages\/2","targetHints":{"allow":["GET"]}}],"collection":[{"href":"https:\/\/www.cielolaboral.com\/fr\/wp-json\/wp\/v2\/pages"}],"about":[{"href":"https:\/\/www.cielolaboral.com\/fr\/wp-json\/wp\/v2\/types\/page"}],"author":[{"embeddable":true,"href":"https:\/\/www.cielolaboral.com\/fr\/wp-json\/wp\/v2\/users\/16"}],"replies":[{"embeddable":true,"href":"https:\/\/www.cielolaboral.com\/fr\/wp-json\/wp\/v2\/comments?post=2"}],"version-history":[{"count":146,"href":"https:\/\/www.cielolaboral.com\/fr\/wp-json\/wp\/v2\/pages\/2\/revisions"}],"predecessor-version":[{"id":14601,"href":"https:\/\/www.cielolaboral.com\/fr\/wp-json\/wp\/v2\/pages\/2\/revisions\/14601"}],"wp:attachment":[{"href":"https:\/\/www.cielolaboral.com\/fr\/wp-json\/wp\/v2\/media?parent=2"}],"curies":[{"name":"wp","href":"https:\/\/api.w.org\/{rel}","templated":true}]}}